{"id":21392,"date":"2026-02-11T18:44:03","date_gmt":"2026-02-12T00:44:03","guid":{"rendered":"https:\/\/dev.picoegallo.com\/blp\/blog\/"},"modified":"2026-06-10T17:42:32","modified_gmt":"2026-06-10T23:42:32","slug":"blog","status":"publish","type":"page","link":"https:\/\/blplegal.com\/es\/blog\/","title":{"rendered":"Blog"},"content":{"rendered":"\n\n\t<section class=\"section has-parallax\" id=\"section_825095816\">\n\t\t<div class=\"section-bg fill\" data-parallax-container=\".section\" data-parallax-background data-parallax=\"-3\">\n\t\t\t<img loading=\"lazy\" decoding=\"async\" width=\"2448\" height=\"713\" src=\"https:\/\/blplegal.com\/wp-content\/uploads\/2026\/02\/Group-5.png\" class=\"bg attachment-original size-original\" alt=\"\" \/>\t\t\t\t\t\t\n\t\t\t\n\n\t\t<\/div>\n\n\t\t\n\n\t\t<div class=\"section-content relative\">\n\t\t\t\n\n<div class=\"row\"  id=\"row-1273298072\">\n\n\n\t<div id=\"col-1156689354\" class=\"col small-12 large-12\"  data-animate=\"fadeInUp\">\n\t\t\t\t<div class=\"col-inner\"  >\n\t\t\t\n\t\t\t\n\n\t<div id=\"text-1741039640\" class=\"text\">\n\t\t\n\n<h1 class=\"mb-0\">An\u00e1lisis y opiniones de nuestros <span data-text-color=\"secondary\">expertos.<\/span><\/h1>\n\t\t\n<style>\n#text-1741039640 {\n  font-size: 2rem;\n  text-align: center;\n  color: rgb(255,255,255);\n}\n#text-1741039640 > * {\n  color: rgb(255,255,255);\n}\n<\/style>\n\t<\/div>\n\t\n\n\t\t<\/div>\n\t\t\t\t\n<style>\n#col-1156689354 > .col-inner {\n  padding: 20% 0px 10% 0px;\n}\n<\/style>\n\t<\/div>\n\n\t\n\n<\/div>\n\n\t\t<\/div>\n\n\t\t\n<style>\n#section_825095816 {\n  padding-top: 60px;\n  padding-bottom: 60px;\n}\n<\/style>\n\t<\/section>\n\t\n\n\t<section class=\"section\" id=\"section_293260211\">\n\t\t<div class=\"section-bg fill\" >\n\t\t\t\t\t\t\t\t\t\n\t\t\t\n\n\t\t<\/div>\n\n\t\t\n\n\t\t<div class=\"section-content relative\">\n\t\t\t\n\n<div class=\"row\"  id=\"row-550358682\">\n\n\n\t<div id=\"col-61629262\" class=\"col small-12 large-12\"  >\n\t\t\t\t<div class=\"col-inner\"  >\n\t\t\t\n\t\t\t\n\n\n\t\t<div class=\"tabbed-content blog-tabs\">\n\t\t\t<h4 class=\"uppercase text-center\">Categor\u00eda<\/h4>\n\t\t\t<ul class=\"nav nav-pills nav-normal nav-size-xlarge nav-center\" role=\"tablist\"><li id=\"tab-todo\" class=\"tab active has-icon\" role=\"presentation\"><a href=\"#tab_todo\" role=\"tab\" aria-selected=\"true\" aria-controls=\"tab_todo\"><span>Todo<\/span><\/a><\/li>\n<li id=\"tab-an\u00e1lisis\" class=\"tab has-icon\" role=\"presentation\"><a href=\"#tab_an\u00e1lisis\" tabindex=\"-1\" role=\"tab\" aria-selected=\"false\" aria-controls=\"tab_an\u00e1lisis\"><span>An\u00e1lisis<\/span><\/a><\/li>\n<li id=\"tab-noticias\" class=\"tab has-icon\" role=\"presentation\"><a href=\"#tab_noticias\" tabindex=\"-1\" role=\"tab\" aria-selected=\"false\" aria-controls=\"tab_noticias\"><span>Noticias<\/span><\/a><\/li>\n<li id=\"tab-newsflash\" class=\"tab has-icon\" role=\"presentation\"><a href=\"#tab_newsflash\" tabindex=\"-1\" role=\"tab\" aria-selected=\"false\" aria-controls=\"tab_newsflash\"><span>Newsflash<\/span><\/a><\/li>\n<li id=\"tab-transacciones\" class=\"tab has-icon\" role=\"presentation\"><a href=\"#tab_transacciones\" tabindex=\"-1\" role=\"tab\" aria-selected=\"false\" aria-controls=\"tab_transacciones\"><span>Transacciones<\/span><\/a><\/li><\/ul><div class=\"tab-panels\"><div id=\"tab_todo\" class=\"panel active entry-content\" role=\"tabpanel\" aria-labelledby=\"tab-todo\">\n\n\t\t<div id=\"ux-relay-2113765173\" class=\"ux-relay ux-relay--pagination\" data-flatsome-relay=\"{&quot;postType&quot;:&quot;post&quot;,&quot;tag&quot;:&quot;blog_posts&quot;,&quot;atts&quot;:{&quot;style&quot;:&quot;overlay&quot;,&quot;type&quot;:&quot;row&quot;,&quot;width&quot;:&quot;full-width&quot;,&quot;columns__md&quot;:&quot;1&quot;,&quot;animate&quot;:&quot;fadeInUp&quot;,&quot;relay&quot;:&quot;pagination&quot;,&quot;title_size&quot;:&quot;xlarge&quot;,&quot;badge_style&quot;:&quot;square&quot;,&quot;excerpt&quot;:&quot;false&quot;,&quot;excerpt_length&quot;:&quot;5&quot;,&quot;comments&quot;:&quot;false&quot;,&quot;image_height&quot;:&quot;100%&quot;,&quot;image_size&quot;:&quot;original&quot;,&quot;class&quot;:&quot;post-chess-style&quot;},&quot;currentPage&quot;:&quot;1&quot;,&quot;totalPages&quot;:95,&quot;totalPosts&quot;:754,&quot;postCount&quot;:8}\">\n\t\t\n  \n    <div class=\"row post-chess-style large-columns-4 medium-columns-1 small-columns-1 row-full-width\" >\n  <div class=\"col post-item\" data-animate=\"fadeInUp\">\n\t\t\t<div class=\"col-inner\">\n\t\t\t\t<div class=\"box box-overlay dark box-text-bottom box-blog-post has-hover\">\n            \t\t\t\t\t<div class=\"box-image\" >\n  \t\t\t\t\t\t<div class=\"image-cover\" style=\"padding-top:100%;\">\n\t\t\t\t\t\t\t<a href=\"https:\/\/blplegal.com\/es\/reforma-contratacion-publica-obligaciones-laborales\/\" class=\"plain\" aria-label=\"Reforma a la Ley General de Contrataci\u00f3n P\u00fablica: nuevas exigencias laborales\">\n\t\t\t\t\t\t\t\t<img loading=\"lazy\" decoding=\"async\" width=\"2000\" height=\"682\" src=\"https:\/\/blplegal.com\/wp-content\/uploads\/2026\/09\/NF-CR-Reforma-a-la-Ley-General-de-Contratacion-P-08.jpg\" class=\"attachment-original size-original wp-post-image\" alt=\"\" srcset=\"https:\/\/blplegal.com\/wp-content\/uploads\/2026\/09\/NF-CR-Reforma-a-la-Ley-General-de-Contratacion-P-08.jpg 2000w, https:\/\/blplegal.com\/wp-content\/uploads\/2026\/09\/NF-CR-Reforma-a-la-Ley-General-de-Contratacion-P-08-300x102.jpg 300w, https:\/\/blplegal.com\/wp-content\/uploads\/2026\/09\/NF-CR-Reforma-a-la-Ley-General-de-Contratacion-P-08-1024x349.jpg 1024w, https:\/\/blplegal.com\/wp-content\/uploads\/2026\/09\/NF-CR-Reforma-a-la-Ley-General-de-Contratacion-P-08-768x262.jpg 768w, https:\/\/blplegal.com\/wp-content\/uploads\/2026\/09\/NF-CR-Reforma-a-la-Ley-General-de-Contratacion-P-08-1536x524.jpg 1536w\" sizes=\"auto, (max-width: 2000px) 100vw, 2000px\" \/>\t\t\t\t\t\t\t<\/a>\n  \t\t\t\t\t\t\t<div class=\"overlay\" style=\"background-color: rgba(0,0,0,.25)\"><\/div>  \t\t\t\t\t\t\t  \t\t\t\t\t\t<\/div>\n  \t\t\t\t\t\t  \t\t\t\t\t<\/div>\n          \t\t\t\t\t<div class=\"box-text text-center\" >\n\t\t\t\t\t<div class=\"box-text-inner blog-post-inner\">\n\n\t\t\t\t\t\n\t\t\t\t\t\t\t\t\t\t<h5 class=\"post-title is-xlarge \">\n\t\t\t\t\t\t<a href=\"https:\/\/blplegal.com\/es\/reforma-contratacion-publica-obligaciones-laborales\/\" class=\"plain\">Reforma a la Ley General de Contrataci\u00f3n P\u00fablica: nuevas exigencias laborales<\/a>\n\t\t\t\t\t<\/h5>\n\t\t\t\t\t\t\t\t\t\t<div class=\"is-divider\"><\/div>\n\t\t\t\t\t                    \n\t\t\t\t\t\n\t\t\t\t\t\n\t\t\t\t\t<\/div>\n\t\t\t\t\t<\/div>\n\t\t\t\t\t\t\t\t\t\t\t\t\t\t\t\t<div class=\"badge absolute top post-date badge-square\">\n\t\t\t\t\t\t\t<div class=\"badge-inner\">\n\t\t\t\t\t\t\t\t<span class=\"post-date-day\">03<\/span><br>\n\t\t\t\t\t\t\t\t<span class=\"post-date-month is-xsmall\">Sep<\/span>\n\t\t\t\t\t\t\t<\/div>\n\t\t\t\t\t\t<\/div>\n\t\t\t\t\t\t\t\t\t<\/div>\n\t\t\t<\/div>\n\t\t<\/div><div class=\"col post-item\" data-animate=\"fadeInUp\">\n\t\t\t<div class=\"col-inner\">\n\t\t\t\t<div class=\"box box-overlay dark box-text-bottom box-blog-post has-hover\">\n            \t\t\t\t\t<div class=\"box-image\" >\n  \t\t\t\t\t\t<div class=\"image-cover\" style=\"padding-top:100%;\">\n\t\t\t\t\t\t\t<a href=\"https:\/\/blplegal.com\/es\/business-law-perspectives-27-agosto-2-septiembre-2026\/\" class=\"plain\" aria-label=\"BUSINESS LAW PERSPECTIVES | 27 AGOSTO &#8211; 2 SEPTIEMBRE, 2026\">\n\t\t\t\t\t\t\t\t<img loading=\"lazy\" decoding=\"async\" width=\"1920\" height=\"655\" src=\"https:\/\/blplegal.com\/wp-content\/uploads\/2026\/05\/noticias-CA-2026-100.jpg\" class=\"attachment-original size-original wp-post-image\" alt=\"\" srcset=\"https:\/\/blplegal.com\/wp-content\/uploads\/2026\/05\/noticias-CA-2026-100.jpg 1920w, https:\/\/blplegal.com\/wp-content\/uploads\/2026\/05\/noticias-CA-2026-100-300x102.jpg 300w, https:\/\/blplegal.com\/wp-content\/uploads\/2026\/05\/noticias-CA-2026-100-1024x349.jpg 1024w, https:\/\/blplegal.com\/wp-content\/uploads\/2026\/05\/noticias-CA-2026-100-768x262.jpg 768w, https:\/\/blplegal.com\/wp-content\/uploads\/2026\/05\/noticias-CA-2026-100-1536x524.jpg 1536w\" sizes=\"auto, (max-width: 1920px) 100vw, 1920px\" \/>\t\t\t\t\t\t\t<\/a>\n  \t\t\t\t\t\t\t<div class=\"overlay\" style=\"background-color: rgba(0,0,0,.25)\"><\/div>  \t\t\t\t\t\t\t  \t\t\t\t\t\t<\/div>\n  \t\t\t\t\t\t  \t\t\t\t\t<\/div>\n          \t\t\t\t\t<div class=\"box-text text-center\" >\n\t\t\t\t\t<div class=\"box-text-inner blog-post-inner\">\n\n\t\t\t\t\t\n\t\t\t\t\t\t\t\t\t\t<h5 class=\"post-title is-xlarge \">\n\t\t\t\t\t\t<a href=\"https:\/\/blplegal.com\/es\/business-law-perspectives-27-agosto-2-septiembre-2026\/\" class=\"plain\">BUSINESS LAW PERSPECTIVES | 27 AGOSTO &#8211; 2 SEPTIEMBRE, 2026<\/a>\n\t\t\t\t\t<\/h5>\n\t\t\t\t\t\t\t\t\t\t<div class=\"is-divider\"><\/div>\n\t\t\t\t\t                    \n\t\t\t\t\t\n\t\t\t\t\t\n\t\t\t\t\t<\/div>\n\t\t\t\t\t<\/div>\n\t\t\t\t\t\t\t\t\t\t\t\t\t\t\t\t<div class=\"badge absolute top post-date badge-square\">\n\t\t\t\t\t\t\t<div class=\"badge-inner\">\n\t\t\t\t\t\t\t\t<span class=\"post-date-day\">03<\/span><br>\n\t\t\t\t\t\t\t\t<span class=\"post-date-month is-xsmall\">Sep<\/span>\n\t\t\t\t\t\t\t<\/div>\n\t\t\t\t\t\t<\/div>\n\t\t\t\t\t\t\t\t\t<\/div>\n\t\t\t<\/div>\n\t\t<\/div><div class=\"col post-item\" data-animate=\"fadeInUp\">\n\t\t\t<div class=\"col-inner\">\n\t\t\t\t<div class=\"box box-overlay dark box-text-bottom box-blog-post has-hover\">\n            \t\t\t\t\t<div class=\"box-image\" >\n  \t\t\t\t\t\t<div class=\"image-cover\" style=\"padding-top:100%;\">\n\t\t\t\t\t\t\t<a href=\"https:\/\/blplegal.com\/es\/delegado-proteccion-datos-el-salvador-ace\/\" class=\"plain\" aria-label=\"Registro Obligatorio del Delegado de Protecci\u00f3n de Datos en El Salvador\">\n\t\t\t\t\t\t\t\t<img loading=\"lazy\" decoding=\"async\" width=\"2000\" height=\"682\" src=\"https:\/\/blplegal.com\/wp-content\/uploads\/2026\/09\/NF-SV-Emision-de-Lineamientos-para-el-Delegado-de-Proteccion-de-Datos-Personales-2026_BLOG.jpg\" class=\"attachment-original size-original wp-post-image\" alt=\"\" srcset=\"https:\/\/blplegal.com\/wp-content\/uploads\/2026\/09\/NF-SV-Emision-de-Lineamientos-para-el-Delegado-de-Proteccion-de-Datos-Personales-2026_BLOG.jpg 2000w, https:\/\/blplegal.com\/wp-content\/uploads\/2026\/09\/NF-SV-Emision-de-Lineamientos-para-el-Delegado-de-Proteccion-de-Datos-Personales-2026_BLOG-300x102.jpg 300w, https:\/\/blplegal.com\/wp-content\/uploads\/2026\/09\/NF-SV-Emision-de-Lineamientos-para-el-Delegado-de-Proteccion-de-Datos-Personales-2026_BLOG-1024x349.jpg 1024w, https:\/\/blplegal.com\/wp-content\/uploads\/2026\/09\/NF-SV-Emision-de-Lineamientos-para-el-Delegado-de-Proteccion-de-Datos-Personales-2026_BLOG-768x262.jpg 768w, https:\/\/blplegal.com\/wp-content\/uploads\/2026\/09\/NF-SV-Emision-de-Lineamientos-para-el-Delegado-de-Proteccion-de-Datos-Personales-2026_BLOG-1536x524.jpg 1536w\" sizes=\"auto, (max-width: 2000px) 100vw, 2000px\" \/>\t\t\t\t\t\t\t<\/a>\n  \t\t\t\t\t\t\t<div class=\"overlay\" style=\"background-color: rgba(0,0,0,.25)\"><\/div>  \t\t\t\t\t\t\t  \t\t\t\t\t\t<\/div>\n  \t\t\t\t\t\t  \t\t\t\t\t<\/div>\n          \t\t\t\t\t<div class=\"box-text text-center\" >\n\t\t\t\t\t<div class=\"box-text-inner blog-post-inner\">\n\n\t\t\t\t\t\n\t\t\t\t\t\t\t\t\t\t<h5 class=\"post-title is-xlarge \">\n\t\t\t\t\t\t<a href=\"https:\/\/blplegal.com\/es\/delegado-proteccion-datos-el-salvador-ace\/\" class=\"plain\">Registro Obligatorio del Delegado de Protecci\u00f3n de Datos en El Salvador<\/a>\n\t\t\t\t\t<\/h5>\n\t\t\t\t\t\t\t\t\t\t<div class=\"is-divider\"><\/div>\n\t\t\t\t\t                    \n\t\t\t\t\t\n\t\t\t\t\t\n\t\t\t\t\t<\/div>\n\t\t\t\t\t<\/div>\n\t\t\t\t\t\t\t\t\t\t\t\t\t\t\t\t<div class=\"badge absolute top post-date badge-square\">\n\t\t\t\t\t\t\t<div class=\"badge-inner\">\n\t\t\t\t\t\t\t\t<span class=\"post-date-day\">02<\/span><br>\n\t\t\t\t\t\t\t\t<span class=\"post-date-month is-xsmall\">Sep<\/span>\n\t\t\t\t\t\t\t<\/div>\n\t\t\t\t\t\t<\/div>\n\t\t\t\t\t\t\t\t\t<\/div>\n\t\t\t<\/div>\n\t\t<\/div><div class=\"col post-item\" data-animate=\"fadeInUp\">\n\t\t\t<div class=\"col-inner\">\n\t\t\t\t<div class=\"box box-overlay dark box-text-bottom box-blog-post has-hover\">\n            \t\t\t\t\t<div class=\"box-image\" >\n  \t\t\t\t\t\t<div class=\"image-cover\" style=\"padding-top:100%;\">\n\t\t\t\t\t\t\t<a href=\"https:\/\/blplegal.com\/es\/reforma-iusi-guatemala-inmuebles-2026\/\" class=\"plain\" aria-label=\"Guatemala modifica el IUSI y otras reglas tributarias aplicables a inmuebles\">\n\t\t\t\t\t\t\t\t<img loading=\"lazy\" decoding=\"async\" width=\"2560\" height=\"873\" src=\"https:\/\/blplegal.com\/wp-content\/uploads\/2026\/09\/NF-IUSI-y-otras-reglas-tributarias-aplicables-a-inmueblesGT_BLOG-scaled.jpg\" class=\"attachment-original size-original wp-post-image\" alt=\"\" srcset=\"https:\/\/blplegal.com\/wp-content\/uploads\/2026\/09\/NF-IUSI-y-otras-reglas-tributarias-aplicables-a-inmueblesGT_BLOG-scaled.jpg 2560w, https:\/\/blplegal.com\/wp-content\/uploads\/2026\/09\/NF-IUSI-y-otras-reglas-tributarias-aplicables-a-inmueblesGT_BLOG-300x102.jpg 300w, https:\/\/blplegal.com\/wp-content\/uploads\/2026\/09\/NF-IUSI-y-otras-reglas-tributarias-aplicables-a-inmueblesGT_BLOG-1024x349.jpg 1024w, https:\/\/blplegal.com\/wp-content\/uploads\/2026\/09\/NF-IUSI-y-otras-reglas-tributarias-aplicables-a-inmueblesGT_BLOG-768x262.jpg 768w, https:\/\/blplegal.com\/wp-content\/uploads\/2026\/09\/NF-IUSI-y-otras-reglas-tributarias-aplicables-a-inmueblesGT_BLOG-1536x524.jpg 1536w, https:\/\/blplegal.com\/wp-content\/uploads\/2026\/09\/NF-IUSI-y-otras-reglas-tributarias-aplicables-a-inmueblesGT_BLOG-2048x699.jpg 2048w\" sizes=\"auto, (max-width: 2560px) 100vw, 2560px\" \/>\t\t\t\t\t\t\t<\/a>\n  \t\t\t\t\t\t\t<div class=\"overlay\" style=\"background-color: rgba(0,0,0,.25)\"><\/div>  \t\t\t\t\t\t\t  \t\t\t\t\t\t<\/div>\n  \t\t\t\t\t\t  \t\t\t\t\t<\/div>\n          \t\t\t\t\t<div class=\"box-text text-center\" >\n\t\t\t\t\t<div class=\"box-text-inner blog-post-inner\">\n\n\t\t\t\t\t\n\t\t\t\t\t\t\t\t\t\t<h5 class=\"post-title is-xlarge \">\n\t\t\t\t\t\t<a href=\"https:\/\/blplegal.com\/es\/reforma-iusi-guatemala-inmuebles-2026\/\" class=\"plain\">Guatemala modifica el IUSI y otras reglas tributarias aplicables a inmuebles<\/a>\n\t\t\t\t\t<\/h5>\n\t\t\t\t\t\t\t\t\t\t<div class=\"is-divider\"><\/div>\n\t\t\t\t\t                    \n\t\t\t\t\t\n\t\t\t\t\t\n\t\t\t\t\t<\/div>\n\t\t\t\t\t<\/div>\n\t\t\t\t\t\t\t\t\t\t\t\t\t\t\t\t<div class=\"badge absolute top post-date badge-square\">\n\t\t\t\t\t\t\t<div class=\"badge-inner\">\n\t\t\t\t\t\t\t\t<span class=\"post-date-day\">01<\/span><br>\n\t\t\t\t\t\t\t\t<span class=\"post-date-month is-xsmall\">Sep<\/span>\n\t\t\t\t\t\t\t<\/div>\n\t\t\t\t\t\t<\/div>\n\t\t\t\t\t\t\t\t\t<\/div>\n\t\t\t<\/div>\n\t\t<\/div><div class=\"col post-item\" data-animate=\"fadeInUp\">\n\t\t\t<div class=\"col-inner\">\n\t\t\t\t<div class=\"box box-overlay dark box-text-bottom box-blog-post has-hover\">\n            \t\t\t\t\t<div class=\"box-image\" >\n  \t\t\t\t\t\t<div class=\"image-cover\" style=\"padding-top:100%;\">\n\t\t\t\t\t\t\t<a href=\"https:\/\/blplegal.com\/es\/guatemala-registro-accionistas-registro-mercantil-aml\/\" class=\"plain\" aria-label=\"Guatemala: nueva Ley AML exige actualizar el registro de accionistas ante el Registro Mercantil\">\n\t\t\t\t\t\t\t\t<img loading=\"lazy\" decoding=\"async\" width=\"2560\" height=\"873\" src=\"https:\/\/blplegal.com\/wp-content\/uploads\/2026\/08\/NF-ACTUALIZACION-DEL-REGISTRO-DE-ACCIONISTAS-Y-DE-ADMINISTRADORESGT_BLOG-scaled.jpg\" class=\"attachment-original size-original wp-post-image\" alt=\"\" srcset=\"https:\/\/blplegal.com\/wp-content\/uploads\/2026\/08\/NF-ACTUALIZACION-DEL-REGISTRO-DE-ACCIONISTAS-Y-DE-ADMINISTRADORESGT_BLOG-scaled.jpg 2560w, https:\/\/blplegal.com\/wp-content\/uploads\/2026\/08\/NF-ACTUALIZACION-DEL-REGISTRO-DE-ACCIONISTAS-Y-DE-ADMINISTRADORESGT_BLOG-300x102.jpg 300w, https:\/\/blplegal.com\/wp-content\/uploads\/2026\/08\/NF-ACTUALIZACION-DEL-REGISTRO-DE-ACCIONISTAS-Y-DE-ADMINISTRADORESGT_BLOG-1024x349.jpg 1024w, https:\/\/blplegal.com\/wp-content\/uploads\/2026\/08\/NF-ACTUALIZACION-DEL-REGISTRO-DE-ACCIONISTAS-Y-DE-ADMINISTRADORESGT_BLOG-768x262.jpg 768w, https:\/\/blplegal.com\/wp-content\/uploads\/2026\/08\/NF-ACTUALIZACION-DEL-REGISTRO-DE-ACCIONISTAS-Y-DE-ADMINISTRADORESGT_BLOG-1536x524.jpg 1536w, https:\/\/blplegal.com\/wp-content\/uploads\/2026\/08\/NF-ACTUALIZACION-DEL-REGISTRO-DE-ACCIONISTAS-Y-DE-ADMINISTRADORESGT_BLOG-2048x699.jpg 2048w\" sizes=\"auto, (max-width: 2560px) 100vw, 2560px\" \/>\t\t\t\t\t\t\t<\/a>\n  \t\t\t\t\t\t\t<div class=\"overlay\" style=\"background-color: rgba(0,0,0,.25)\"><\/div>  \t\t\t\t\t\t\t  \t\t\t\t\t\t<\/div>\n  \t\t\t\t\t\t  \t\t\t\t\t<\/div>\n          \t\t\t\t\t<div class=\"box-text text-center\" >\n\t\t\t\t\t<div class=\"box-text-inner blog-post-inner\">\n\n\t\t\t\t\t\n\t\t\t\t\t\t\t\t\t\t<h5 class=\"post-title is-xlarge \">\n\t\t\t\t\t\t<a href=\"https:\/\/blplegal.com\/es\/guatemala-registro-accionistas-registro-mercantil-aml\/\" class=\"plain\">Guatemala: nueva Ley AML exige actualizar el registro de accionistas ante el Registro Mercantil<\/a>\n\t\t\t\t\t<\/h5>\n\t\t\t\t\t\t\t\t\t\t<div class=\"is-divider\"><\/div>\n\t\t\t\t\t                    \n\t\t\t\t\t\n\t\t\t\t\t\n\t\t\t\t\t<\/div>\n\t\t\t\t\t<\/div>\n\t\t\t\t\t\t\t\t\t\t\t\t\t\t\t\t<div class=\"badge absolute top post-date badge-square\">\n\t\t\t\t\t\t\t<div class=\"badge-inner\">\n\t\t\t\t\t\t\t\t<span class=\"post-date-day\">27<\/span><br>\n\t\t\t\t\t\t\t\t<span class=\"post-date-month is-xsmall\">Ago<\/span>\n\t\t\t\t\t\t\t<\/div>\n\t\t\t\t\t\t<\/div>\n\t\t\t\t\t\t\t\t\t<\/div>\n\t\t\t<\/div>\n\t\t<\/div><div class=\"col post-item\" data-animate=\"fadeInUp\">\n\t\t\t<div class=\"col-inner\">\n\t\t\t\t<div class=\"box box-overlay dark box-text-bottom box-blog-post has-hover\">\n            \t\t\t\t\t<div class=\"box-image\" >\n  \t\t\t\t\t\t<div class=\"image-cover\" style=\"padding-top:100%;\">\n\t\t\t\t\t\t\t<a href=\"https:\/\/blplegal.com\/es\/business-law-perspectives-20-26-agosto-2026\/\" class=\"plain\" aria-label=\"BUSINESS LAW PERSPECTIVES | 20 &#8211; 26 AGOSTO, 2026\">\n\t\t\t\t\t\t\t\t<img loading=\"lazy\" decoding=\"async\" width=\"1920\" height=\"655\" src=\"https:\/\/blplegal.com\/wp-content\/uploads\/2026\/05\/noticias-CA-2026-100.jpg\" class=\"attachment-original size-original wp-post-image\" alt=\"\" srcset=\"https:\/\/blplegal.com\/wp-content\/uploads\/2026\/05\/noticias-CA-2026-100.jpg 1920w, https:\/\/blplegal.com\/wp-content\/uploads\/2026\/05\/noticias-CA-2026-100-300x102.jpg 300w, https:\/\/blplegal.com\/wp-content\/uploads\/2026\/05\/noticias-CA-2026-100-1024x349.jpg 1024w, https:\/\/blplegal.com\/wp-content\/uploads\/2026\/05\/noticias-CA-2026-100-768x262.jpg 768w, https:\/\/blplegal.com\/wp-content\/uploads\/2026\/05\/noticias-CA-2026-100-1536x524.jpg 1536w\" sizes=\"auto, (max-width: 1920px) 100vw, 1920px\" \/>\t\t\t\t\t\t\t<\/a>\n  \t\t\t\t\t\t\t<div class=\"overlay\" style=\"background-color: rgba(0,0,0,.25)\"><\/div>  \t\t\t\t\t\t\t  \t\t\t\t\t\t<\/div>\n  \t\t\t\t\t\t  \t\t\t\t\t<\/div>\n          \t\t\t\t\t<div class=\"box-text text-center\" >\n\t\t\t\t\t<div class=\"box-text-inner blog-post-inner\">\n\n\t\t\t\t\t\n\t\t\t\t\t\t\t\t\t\t<h5 class=\"post-title is-xlarge \">\n\t\t\t\t\t\t<a href=\"https:\/\/blplegal.com\/es\/business-law-perspectives-20-26-agosto-2026\/\" class=\"plain\">BUSINESS LAW PERSPECTIVES | 20 &#8211; 26 AGOSTO, 2026<\/a>\n\t\t\t\t\t<\/h5>\n\t\t\t\t\t\t\t\t\t\t<div class=\"is-divider\"><\/div>\n\t\t\t\t\t                    \n\t\t\t\t\t\n\t\t\t\t\t\n\t\t\t\t\t<\/div>\n\t\t\t\t\t<\/div>\n\t\t\t\t\t\t\t\t\t\t\t\t\t\t\t\t<div class=\"badge absolute top post-date badge-square\">\n\t\t\t\t\t\t\t<div class=\"badge-inner\">\n\t\t\t\t\t\t\t\t<span class=\"post-date-day\">26<\/span><br>\n\t\t\t\t\t\t\t\t<span class=\"post-date-month is-xsmall\">Ago<\/span>\n\t\t\t\t\t\t\t<\/div>\n\t\t\t\t\t\t<\/div>\n\t\t\t\t\t\t\t\t\t<\/div>\n\t\t\t<\/div>\n\t\t<\/div><div class=\"col post-item\" data-animate=\"fadeInUp\">\n\t\t\t<div class=\"col-inner\">\n\t\t\t\t<div class=\"box box-overlay dark box-text-bottom box-blog-post has-hover\">\n            \t\t\t\t\t<div class=\"box-image\" >\n  \t\t\t\t\t\t<div class=\"image-cover\" style=\"padding-top:100%;\">\n\t\t\t\t\t\t\t<a href=\"https:\/\/blplegal.com\/es\/comites-expertos-contratacion-publica-costa-rica\/\" class=\"plain\" aria-label=\"Comit\u00e9s de Expertos en contrataci\u00f3n p\u00fablica: oportunidades para su implementaci\u00f3n en Costa Rica\">\n\t\t\t\t\t\t\t\t<img loading=\"lazy\" decoding=\"async\" width=\"1920\" height=\"665\" src=\"https:\/\/blplegal.com\/wp-content\/uploads\/2026\/08\/ART-Comites-de-Expertos-en-contratacion-publica-CR_BLOG.jpg\" class=\"attachment-original size-original wp-post-image\" alt=\"\" srcset=\"https:\/\/blplegal.com\/wp-content\/uploads\/2026\/08\/ART-Comites-de-Expertos-en-contratacion-publica-CR_BLOG.jpg 1920w, https:\/\/blplegal.com\/wp-content\/uploads\/2026\/08\/ART-Comites-de-Expertos-en-contratacion-publica-CR_BLOG-300x104.jpg 300w, https:\/\/blplegal.com\/wp-content\/uploads\/2026\/08\/ART-Comites-de-Expertos-en-contratacion-publica-CR_BLOG-1024x355.jpg 1024w, https:\/\/blplegal.com\/wp-content\/uploads\/2026\/08\/ART-Comites-de-Expertos-en-contratacion-publica-CR_BLOG-768x266.jpg 768w, https:\/\/blplegal.com\/wp-content\/uploads\/2026\/08\/ART-Comites-de-Expertos-en-contratacion-publica-CR_BLOG-1536x532.jpg 1536w\" sizes=\"auto, (max-width: 1920px) 100vw, 1920px\" \/>\t\t\t\t\t\t\t<\/a>\n  \t\t\t\t\t\t\t<div class=\"overlay\" style=\"background-color: rgba(0,0,0,.25)\"><\/div>  \t\t\t\t\t\t\t  \t\t\t\t\t\t<\/div>\n  \t\t\t\t\t\t  \t\t\t\t\t<\/div>\n          \t\t\t\t\t<div class=\"box-text text-center\" >\n\t\t\t\t\t<div class=\"box-text-inner blog-post-inner\">\n\n\t\t\t\t\t\n\t\t\t\t\t\t\t\t\t\t<h5 class=\"post-title is-xlarge \">\n\t\t\t\t\t\t<a href=\"https:\/\/blplegal.com\/es\/comites-expertos-contratacion-publica-costa-rica\/\" class=\"plain\">Comit\u00e9s de Expertos en contrataci\u00f3n p\u00fablica: oportunidades para su implementaci\u00f3n en Costa Rica<\/a>\n\t\t\t\t\t<\/h5>\n\t\t\t\t\t\t\t\t\t\t<div class=\"is-divider\"><\/div>\n\t\t\t\t\t                    \n\t\t\t\t\t\n\t\t\t\t\t\n\t\t\t\t\t<\/div>\n\t\t\t\t\t<\/div>\n\t\t\t\t\t\t\t\t\t\t\t\t\t\t\t\t<div class=\"badge absolute top post-date badge-square\">\n\t\t\t\t\t\t\t<div class=\"badge-inner\">\n\t\t\t\t\t\t\t\t<span class=\"post-date-day\">25<\/span><br>\n\t\t\t\t\t\t\t\t<span class=\"post-date-month is-xsmall\">Ago<\/span>\n\t\t\t\t\t\t\t<\/div>\n\t\t\t\t\t\t<\/div>\n\t\t\t\t\t\t\t\t\t<\/div>\n\t\t\t<\/div>\n\t\t<\/div><div class=\"col post-item\" data-animate=\"fadeInUp\">\n\t\t\t<div class=\"col-inner\">\n\t\t\t\t<div class=\"box box-overlay dark box-text-bottom box-blog-post has-hover\">\n            \t\t\t\t\t<div class=\"box-image\" >\n  \t\t\t\t\t\t<div class=\"image-cover\" style=\"padding-top:100%;\">\n\t\t\t\t\t\t\t<a href=\"https:\/\/blplegal.com\/es\/acuerdo-conciliacion-ciadi-scatec-klp-honduras\/\" class=\"plain\" aria-label=\"BLP asesora a Scatec Solar ASA y KLP Norfund Investments AS en acuerdo de conciliaci\u00f3n con el Estado de Honduras ante el CIADI\">\n\t\t\t\t\t\t\t\t<img loading=\"lazy\" decoding=\"async\" width=\"2560\" height=\"873\" src=\"https:\/\/blplegal.com\/wp-content\/uploads\/2026\/08\/DEAL-CR-Scatec-Solar-ASA-y-KLP-Norfund-Investments-scaled.jpg\" class=\"attachment-original size-original wp-post-image\" alt=\"\" srcset=\"https:\/\/blplegal.com\/wp-content\/uploads\/2026\/08\/DEAL-CR-Scatec-Solar-ASA-y-KLP-Norfund-Investments-scaled.jpg 2560w, https:\/\/blplegal.com\/wp-content\/uploads\/2026\/08\/DEAL-CR-Scatec-Solar-ASA-y-KLP-Norfund-Investments-300x102.jpg 300w, https:\/\/blplegal.com\/wp-content\/uploads\/2026\/08\/DEAL-CR-Scatec-Solar-ASA-y-KLP-Norfund-Investments-1024x349.jpg 1024w, https:\/\/blplegal.com\/wp-content\/uploads\/2026\/08\/DEAL-CR-Scatec-Solar-ASA-y-KLP-Norfund-Investments-768x262.jpg 768w, https:\/\/blplegal.com\/wp-content\/uploads\/2026\/08\/DEAL-CR-Scatec-Solar-ASA-y-KLP-Norfund-Investments-1536x524.jpg 1536w, https:\/\/blplegal.com\/wp-content\/uploads\/2026\/08\/DEAL-CR-Scatec-Solar-ASA-y-KLP-Norfund-Investments-2048x699.jpg 2048w\" sizes=\"auto, (max-width: 2560px) 100vw, 2560px\" \/>\t\t\t\t\t\t\t<\/a>\n  \t\t\t\t\t\t\t<div class=\"overlay\" style=\"background-color: rgba(0,0,0,.25)\"><\/div>  \t\t\t\t\t\t\t  \t\t\t\t\t\t<\/div>\n  \t\t\t\t\t\t  \t\t\t\t\t<\/div>\n          \t\t\t\t\t<div class=\"box-text text-center\" >\n\t\t\t\t\t<div class=\"box-text-inner blog-post-inner\">\n\n\t\t\t\t\t\n\t\t\t\t\t\t\t\t\t\t<h5 class=\"post-title is-xlarge \">\n\t\t\t\t\t\t<a href=\"https:\/\/blplegal.com\/es\/acuerdo-conciliacion-ciadi-scatec-klp-honduras\/\" class=\"plain\">BLP asesora a Scatec Solar ASA y KLP Norfund Investments AS en acuerdo de conciliaci\u00f3n con el Estado de Honduras ante el CIADI<\/a>\n\t\t\t\t\t<\/h5>\n\t\t\t\t\t\t\t\t\t\t<div class=\"is-divider\"><\/div>\n\t\t\t\t\t                    \n\t\t\t\t\t\n\t\t\t\t\t\n\t\t\t\t\t<\/div>\n\t\t\t\t\t<\/div>\n\t\t\t\t\t\t\t\t\t\t\t\t\t\t\t\t<div class=\"badge absolute top post-date badge-square\">\n\t\t\t\t\t\t\t<div class=\"badge-inner\">\n\t\t\t\t\t\t\t\t<span class=\"post-date-day\">24<\/span><br>\n\t\t\t\t\t\t\t\t<span class=\"post-date-month is-xsmall\">Ago<\/span>\n\t\t\t\t\t\t\t<\/div>\n\t\t\t\t\t\t<\/div>\n\t\t\t\t\t\t\t\t\t<\/div>\n\t\t\t<\/div>\n\t\t<\/div><\/div>\t\t<div class=\"ux-relay__control ux-relay__control--bottom container pb-half text-center\">\n\t\t\t<ul class=\"ux-relay__pagination page-numbers nav-pagination links\"><li><span aria-current=\"page\" class=\"page-number current\">1<\/span><\/li><li><a class=\"page-number\" href=\"#\/page\/2\">2<\/a><\/li><li><a class=\"page-number\" href=\"#\/page\/3\">3<\/a><\/li><li><a class=\"page-number\" href=\"#\/page\/4\">4<\/a><\/li><li><span class=\"page-number dots\">&hellip;<\/span><\/li><li><a class=\"page-number\" href=\"#\/page\/95\">95<\/a><\/li><li><a aria-label=\"Next\" class=\"next page-number\" href=\"#\/page\/2\"><i class=\"icon-angle-right\" aria-hidden=\"true\"><\/i><\/a><\/li><\/ul>\t\t<\/div>\n\t\t\t\t<\/div>\n\t\t\n\n\n<\/div>\n<div id=\"tab_an\u00e1lisis\" class=\"panel entry-content\" role=\"tabpanel\" aria-labelledby=\"tab-an\u00e1lisis\">\n\n\t\t<div id=\"ux-relay-3975705174\" class=\"ux-relay ux-relay--pagination\" data-flatsome-relay=\"{&quot;postType&quot;:&quot;post&quot;,&quot;tag&quot;:&quot;blog_posts&quot;,&quot;atts&quot;:{&quot;style&quot;:&quot;overlay&quot;,&quot;type&quot;:&quot;row&quot;,&quot;width&quot;:&quot;full-width&quot;,&quot;columns__md&quot;:&quot;1&quot;,&quot;animate&quot;:&quot;fadeInUp&quot;,&quot;relay&quot;:&quot;pagination&quot;,&quot;cat&quot;:&quot;299&quot;,&quot;title_size&quot;:&quot;xlarge&quot;,&quot;badge_style&quot;:&quot;square&quot;,&quot;excerpt&quot;:&quot;false&quot;,&quot;excerpt_length&quot;:&quot;5&quot;,&quot;comments&quot;:&quot;false&quot;,&quot;image_height&quot;:&quot;100%&quot;,&quot;image_size&quot;:&quot;original&quot;,&quot;class&quot;:&quot;post-chess-style&quot;},&quot;currentPage&quot;:&quot;1&quot;,&quot;totalPages&quot;:21,&quot;totalPosts&quot;:161,&quot;postCount&quot;:8}\">\n\t\t\n  \n    <div class=\"row post-chess-style large-columns-4 medium-columns-1 small-columns-1 row-full-width\" >\n  <div class=\"col post-item\" data-animate=\"fadeInUp\">\n\t\t\t<div class=\"col-inner\">\n\t\t\t\t<div class=\"box box-overlay dark box-text-bottom box-blog-post has-hover\">\n            \t\t\t\t\t<div class=\"box-image\" >\n  \t\t\t\t\t\t<div class=\"image-cover\" style=\"padding-top:100%;\">\n\t\t\t\t\t\t\t<a href=\"https:\/\/blplegal.com\/es\/comites-expertos-contratacion-publica-costa-rica\/\" class=\"plain\" aria-label=\"Comit\u00e9s de Expertos en contrataci\u00f3n p\u00fablica: oportunidades para su implementaci\u00f3n en Costa Rica\">\n\t\t\t\t\t\t\t\t<img loading=\"lazy\" decoding=\"async\" width=\"1920\" height=\"665\" src=\"https:\/\/blplegal.com\/wp-content\/uploads\/2026\/08\/ART-Comites-de-Expertos-en-contratacion-publica-CR_BLOG.jpg\" class=\"attachment-original size-original wp-post-image\" alt=\"\" srcset=\"https:\/\/blplegal.com\/wp-content\/uploads\/2026\/08\/ART-Comites-de-Expertos-en-contratacion-publica-CR_BLOG.jpg 1920w, https:\/\/blplegal.com\/wp-content\/uploads\/2026\/08\/ART-Comites-de-Expertos-en-contratacion-publica-CR_BLOG-300x104.jpg 300w, https:\/\/blplegal.com\/wp-content\/uploads\/2026\/08\/ART-Comites-de-Expertos-en-contratacion-publica-CR_BLOG-1024x355.jpg 1024w, https:\/\/blplegal.com\/wp-content\/uploads\/2026\/08\/ART-Comites-de-Expertos-en-contratacion-publica-CR_BLOG-768x266.jpg 768w, https:\/\/blplegal.com\/wp-content\/uploads\/2026\/08\/ART-Comites-de-Expertos-en-contratacion-publica-CR_BLOG-1536x532.jpg 1536w\" sizes=\"auto, (max-width: 1920px) 100vw, 1920px\" \/>\t\t\t\t\t\t\t<\/a>\n  \t\t\t\t\t\t\t<div class=\"overlay\" style=\"background-color: rgba(0,0,0,.25)\"><\/div>  \t\t\t\t\t\t\t  \t\t\t\t\t\t<\/div>\n  \t\t\t\t\t\t  \t\t\t\t\t<\/div>\n          \t\t\t\t\t<div class=\"box-text text-center\" >\n\t\t\t\t\t<div class=\"box-text-inner blog-post-inner\">\n\n\t\t\t\t\t\n\t\t\t\t\t\t\t\t\t\t<h5 class=\"post-title is-xlarge \">\n\t\t\t\t\t\t<a href=\"https:\/\/blplegal.com\/es\/comites-expertos-contratacion-publica-costa-rica\/\" class=\"plain\">Comit\u00e9s de Expertos en contrataci\u00f3n p\u00fablica: oportunidades para su implementaci\u00f3n en Costa Rica<\/a>\n\t\t\t\t\t<\/h5>\n\t\t\t\t\t\t\t\t\t\t<div class=\"is-divider\"><\/div>\n\t\t\t\t\t                    \n\t\t\t\t\t\n\t\t\t\t\t\n\t\t\t\t\t<\/div>\n\t\t\t\t\t<\/div>\n\t\t\t\t\t\t\t\t\t\t\t\t\t\t\t\t<div class=\"badge absolute top post-date badge-square\">\n\t\t\t\t\t\t\t<div class=\"badge-inner\">\n\t\t\t\t\t\t\t\t<span class=\"post-date-day\">25<\/span><br>\n\t\t\t\t\t\t\t\t<span class=\"post-date-month is-xsmall\">Ago<\/span>\n\t\t\t\t\t\t\t<\/div>\n\t\t\t\t\t\t<\/div>\n\t\t\t\t\t\t\t\t\t<\/div>\n\t\t\t<\/div>\n\t\t<\/div><div class=\"col post-item\" data-animate=\"fadeInUp\">\n\t\t\t<div class=\"col-inner\">\n\t\t\t\t<div class=\"box box-overlay dark box-text-bottom box-blog-post has-hover\">\n            \t\t\t\t\t<div class=\"box-image\" >\n  \t\t\t\t\t\t<div class=\"image-cover\" style=\"padding-top:100%;\">\n\t\t\t\t\t\t\t<a href=\"https:\/\/blplegal.com\/es\/prevencion-acoso-laboral-costa-rica\/\" class=\"plain\" aria-label=\"Convenio 190 de la OIT: un nuevo est\u00e1ndar para la prevenci\u00f3n de la violencia y el acoso en el trabajo en Costa Rica\">\n\t\t\t\t\t\t\t\t<img loading=\"lazy\" decoding=\"async\" width=\"2560\" height=\"873\" src=\"https:\/\/blplegal.com\/wp-content\/uploads\/2026\/08\/ART-Convenio-190-de-la-OIT-CR_BLOG-scaled.jpg\" class=\"attachment-original size-original wp-post-image\" alt=\"\" srcset=\"https:\/\/blplegal.com\/wp-content\/uploads\/2026\/08\/ART-Convenio-190-de-la-OIT-CR_BLOG-scaled.jpg 2560w, https:\/\/blplegal.com\/wp-content\/uploads\/2026\/08\/ART-Convenio-190-de-la-OIT-CR_BLOG-300x102.jpg 300w, https:\/\/blplegal.com\/wp-content\/uploads\/2026\/08\/ART-Convenio-190-de-la-OIT-CR_BLOG-1024x349.jpg 1024w, https:\/\/blplegal.com\/wp-content\/uploads\/2026\/08\/ART-Convenio-190-de-la-OIT-CR_BLOG-768x262.jpg 768w, https:\/\/blplegal.com\/wp-content\/uploads\/2026\/08\/ART-Convenio-190-de-la-OIT-CR_BLOG-1536x524.jpg 1536w, https:\/\/blplegal.com\/wp-content\/uploads\/2026\/08\/ART-Convenio-190-de-la-OIT-CR_BLOG-2048x699.jpg 2048w\" sizes=\"auto, (max-width: 2560px) 100vw, 2560px\" \/>\t\t\t\t\t\t\t<\/a>\n  \t\t\t\t\t\t\t<div class=\"overlay\" style=\"background-color: rgba(0,0,0,.25)\"><\/div>  \t\t\t\t\t\t\t  \t\t\t\t\t\t<\/div>\n  \t\t\t\t\t\t  \t\t\t\t\t<\/div>\n          \t\t\t\t\t<div class=\"box-text text-center\" >\n\t\t\t\t\t<div class=\"box-text-inner blog-post-inner\">\n\n\t\t\t\t\t\n\t\t\t\t\t\t\t\t\t\t<h5 class=\"post-title is-xlarge \">\n\t\t\t\t\t\t<a href=\"https:\/\/blplegal.com\/es\/prevencion-acoso-laboral-costa-rica\/\" class=\"plain\">Convenio 190 de la OIT: un nuevo est\u00e1ndar para la prevenci\u00f3n de la violencia y el acoso en el trabajo en Costa Rica<\/a>\n\t\t\t\t\t<\/h5>\n\t\t\t\t\t\t\t\t\t\t<div class=\"is-divider\"><\/div>\n\t\t\t\t\t                    \n\t\t\t\t\t\n\t\t\t\t\t\n\t\t\t\t\t<\/div>\n\t\t\t\t\t<\/div>\n\t\t\t\t\t\t\t\t\t\t\t\t\t\t\t\t<div class=\"badge absolute top post-date badge-square\">\n\t\t\t\t\t\t\t<div class=\"badge-inner\">\n\t\t\t\t\t\t\t\t<span class=\"post-date-day\">14<\/span><br>\n\t\t\t\t\t\t\t\t<span class=\"post-date-month is-xsmall\">Ago<\/span>\n\t\t\t\t\t\t\t<\/div>\n\t\t\t\t\t\t<\/div>\n\t\t\t\t\t\t\t\t\t<\/div>\n\t\t\t<\/div>\n\t\t<\/div><div class=\"col post-item\" data-animate=\"fadeInUp\">\n\t\t\t<div class=\"col-inner\">\n\t\t\t\t<div class=\"box box-overlay dark box-text-bottom box-blog-post has-hover\">\n            \t\t\t\t\t<div class=\"box-image\" >\n  \t\t\t\t\t\t<div class=\"image-cover\" style=\"padding-top:100%;\">\n\t\t\t\t\t\t\t<a href=\"https:\/\/blplegal.com\/es\/beneficiarios-finales-honduras-compliance-corporativo\/\" class=\"plain\" aria-label=\"De la titularidad formal al control efectivo: una nueva etapa de transparencia corporativa en Honduras\">\n\t\t\t\t\t\t\t\t<img loading=\"lazy\" decoding=\"async\" width=\"2560\" height=\"873\" src=\"https:\/\/blplegal.com\/wp-content\/uploads\/2026\/08\/ART-De-la-titularidad-formal-al-control-efectivoHN_BLOG-1-scaled.jpg\" class=\"attachment-original size-original wp-post-image\" alt=\"\" srcset=\"https:\/\/blplegal.com\/wp-content\/uploads\/2026\/08\/ART-De-la-titularidad-formal-al-control-efectivoHN_BLOG-1-scaled.jpg 2560w, https:\/\/blplegal.com\/wp-content\/uploads\/2026\/08\/ART-De-la-titularidad-formal-al-control-efectivoHN_BLOG-1-300x102.jpg 300w, https:\/\/blplegal.com\/wp-content\/uploads\/2026\/08\/ART-De-la-titularidad-formal-al-control-efectivoHN_BLOG-1-1024x349.jpg 1024w, https:\/\/blplegal.com\/wp-content\/uploads\/2026\/08\/ART-De-la-titularidad-formal-al-control-efectivoHN_BLOG-1-768x262.jpg 768w, https:\/\/blplegal.com\/wp-content\/uploads\/2026\/08\/ART-De-la-titularidad-formal-al-control-efectivoHN_BLOG-1-1536x524.jpg 1536w, https:\/\/blplegal.com\/wp-content\/uploads\/2026\/08\/ART-De-la-titularidad-formal-al-control-efectivoHN_BLOG-1-2048x699.jpg 2048w\" sizes=\"auto, (max-width: 2560px) 100vw, 2560px\" \/>\t\t\t\t\t\t\t<\/a>\n  \t\t\t\t\t\t\t<div class=\"overlay\" style=\"background-color: rgba(0,0,0,.25)\"><\/div>  \t\t\t\t\t\t\t  \t\t\t\t\t\t<\/div>\n  \t\t\t\t\t\t  \t\t\t\t\t<\/div>\n          \t\t\t\t\t<div class=\"box-text text-center\" >\n\t\t\t\t\t<div class=\"box-text-inner blog-post-inner\">\n\n\t\t\t\t\t\n\t\t\t\t\t\t\t\t\t\t<h5 class=\"post-title is-xlarge \">\n\t\t\t\t\t\t<a href=\"https:\/\/blplegal.com\/es\/beneficiarios-finales-honduras-compliance-corporativo\/\" class=\"plain\">De la titularidad formal al control efectivo: una nueva etapa de transparencia corporativa en Honduras<\/a>\n\t\t\t\t\t<\/h5>\n\t\t\t\t\t\t\t\t\t\t<div class=\"is-divider\"><\/div>\n\t\t\t\t\t                    \n\t\t\t\t\t\n\t\t\t\t\t\n\t\t\t\t\t<\/div>\n\t\t\t\t\t<\/div>\n\t\t\t\t\t\t\t\t\t\t\t\t\t\t\t\t<div class=\"badge absolute top post-date badge-square\">\n\t\t\t\t\t\t\t<div class=\"badge-inner\">\n\t\t\t\t\t\t\t\t<span class=\"post-date-day\">12<\/span><br>\n\t\t\t\t\t\t\t\t<span class=\"post-date-month is-xsmall\">Ago<\/span>\n\t\t\t\t\t\t\t<\/div>\n\t\t\t\t\t\t<\/div>\n\t\t\t\t\t\t\t\t\t<\/div>\n\t\t\t<\/div>\n\t\t<\/div><div class=\"col post-item\" data-animate=\"fadeInUp\">\n\t\t\t<div class=\"col-inner\">\n\t\t\t\t<div class=\"box box-overlay dark box-text-bottom box-blog-post has-hover\">\n            \t\t\t\t\t<div class=\"box-image\" >\n  \t\t\t\t\t\t<div class=\"image-cover\" style=\"padding-top:100%;\">\n\t\t\t\t\t\t\t<a href=\"https:\/\/blplegal.com\/es\/site-selection-costa-rica-redundancia-productiva\/\" class=\"plain\" aria-label=\"Site selection en tiempos de incertidumbre: por qu\u00e9 Costa Rica es una respuesta s\u00f3lida para la redundancia productiva\">\n\t\t\t\t\t\t\t\t<img loading=\"lazy\" decoding=\"async\" width=\"2000\" height=\"682\" src=\"https:\/\/blplegal.com\/wp-content\/uploads\/2026\/07\/ART-CR-zonas-francas_BLOG.jpg\" class=\"attachment-original size-original wp-post-image\" alt=\"\" srcset=\"https:\/\/blplegal.com\/wp-content\/uploads\/2026\/07\/ART-CR-zonas-francas_BLOG.jpg 2000w, https:\/\/blplegal.com\/wp-content\/uploads\/2026\/07\/ART-CR-zonas-francas_BLOG-300x102.jpg 300w, https:\/\/blplegal.com\/wp-content\/uploads\/2026\/07\/ART-CR-zonas-francas_BLOG-1024x349.jpg 1024w, https:\/\/blplegal.com\/wp-content\/uploads\/2026\/07\/ART-CR-zonas-francas_BLOG-768x262.jpg 768w, https:\/\/blplegal.com\/wp-content\/uploads\/2026\/07\/ART-CR-zonas-francas_BLOG-1536x524.jpg 1536w\" sizes=\"auto, (max-width: 2000px) 100vw, 2000px\" \/>\t\t\t\t\t\t\t<\/a>\n  \t\t\t\t\t\t\t<div class=\"overlay\" style=\"background-color: rgba(0,0,0,.25)\"><\/div>  \t\t\t\t\t\t\t  \t\t\t\t\t\t<\/div>\n  \t\t\t\t\t\t  \t\t\t\t\t<\/div>\n          \t\t\t\t\t<div class=\"box-text text-center\" >\n\t\t\t\t\t<div class=\"box-text-inner blog-post-inner\">\n\n\t\t\t\t\t\n\t\t\t\t\t\t\t\t\t\t<h5 class=\"post-title is-xlarge \">\n\t\t\t\t\t\t<a href=\"https:\/\/blplegal.com\/es\/site-selection-costa-rica-redundancia-productiva\/\" class=\"plain\">Site selection en tiempos de incertidumbre: por qu\u00e9 Costa Rica es una respuesta s\u00f3lida para la redundancia productiva<\/a>\n\t\t\t\t\t<\/h5>\n\t\t\t\t\t\t\t\t\t\t<div class=\"is-divider\"><\/div>\n\t\t\t\t\t                    \n\t\t\t\t\t\n\t\t\t\t\t\n\t\t\t\t\t<\/div>\n\t\t\t\t\t<\/div>\n\t\t\t\t\t\t\t\t\t\t\t\t\t\t\t\t<div class=\"badge absolute top post-date badge-square\">\n\t\t\t\t\t\t\t<div class=\"badge-inner\">\n\t\t\t\t\t\t\t\t<span class=\"post-date-day\">23<\/span><br>\n\t\t\t\t\t\t\t\t<span class=\"post-date-month is-xsmall\">Jul<\/span>\n\t\t\t\t\t\t\t<\/div>\n\t\t\t\t\t\t<\/div>\n\t\t\t\t\t\t\t\t\t<\/div>\n\t\t\t<\/div>\n\t\t<\/div><div class=\"col post-item\" data-animate=\"fadeInUp\">\n\t\t\t<div class=\"col-inner\">\n\t\t\t\t<div class=\"box box-overlay dark box-text-bottom box-blog-post has-hover\">\n            \t\t\t\t\t<div class=\"box-image\" >\n  \t\t\t\t\t\t<div class=\"image-cover\" style=\"padding-top:100%;\">\n\t\t\t\t\t\t\t<a href=\"https:\/\/blplegal.com\/es\/que-deben-considerar-las-empresas-ante-la-nueva-ley-integral-contra-el-lavado-de-dinero-en-guatemala\/\" class=\"plain\" aria-label=\"\u00bfQu\u00e9 deben considerar las empresas ante la nueva Ley Integral contra el Lavado de Dinero en Guatemala?\">\n\t\t\t\t\t\t\t\t<img loading=\"lazy\" decoding=\"async\" width=\"2000\" height=\"682\" src=\"https:\/\/blplegal.com\/wp-content\/uploads\/2026\/07\/ART-GT-Nueva-LEY-AML_BLOG.jpg\" class=\"attachment-original size-original wp-post-image\" alt=\"\" srcset=\"https:\/\/blplegal.com\/wp-content\/uploads\/2026\/07\/ART-GT-Nueva-LEY-AML_BLOG.jpg 2000w, https:\/\/blplegal.com\/wp-content\/uploads\/2026\/07\/ART-GT-Nueva-LEY-AML_BLOG-300x102.jpg 300w, https:\/\/blplegal.com\/wp-content\/uploads\/2026\/07\/ART-GT-Nueva-LEY-AML_BLOG-1024x349.jpg 1024w, https:\/\/blplegal.com\/wp-content\/uploads\/2026\/07\/ART-GT-Nueva-LEY-AML_BLOG-768x262.jpg 768w, https:\/\/blplegal.com\/wp-content\/uploads\/2026\/07\/ART-GT-Nueva-LEY-AML_BLOG-1536x524.jpg 1536w\" sizes=\"auto, (max-width: 2000px) 100vw, 2000px\" \/>\t\t\t\t\t\t\t<\/a>\n  \t\t\t\t\t\t\t<div class=\"overlay\" style=\"background-color: rgba(0,0,0,.25)\"><\/div>  \t\t\t\t\t\t\t  \t\t\t\t\t\t<\/div>\n  \t\t\t\t\t\t  \t\t\t\t\t<\/div>\n          \t\t\t\t\t<div class=\"box-text text-center\" >\n\t\t\t\t\t<div class=\"box-text-inner blog-post-inner\">\n\n\t\t\t\t\t\n\t\t\t\t\t\t\t\t\t\t<h5 class=\"post-title is-xlarge \">\n\t\t\t\t\t\t<a href=\"https:\/\/blplegal.com\/es\/que-deben-considerar-las-empresas-ante-la-nueva-ley-integral-contra-el-lavado-de-dinero-en-guatemala\/\" class=\"plain\">\u00bfQu\u00e9 deben considerar las empresas ante la nueva Ley Integral contra el Lavado de Dinero en Guatemala?<\/a>\n\t\t\t\t\t<\/h5>\n\t\t\t\t\t\t\t\t\t\t<div class=\"is-divider\"><\/div>\n\t\t\t\t\t                    \n\t\t\t\t\t\n\t\t\t\t\t\n\t\t\t\t\t<\/div>\n\t\t\t\t\t<\/div>\n\t\t\t\t\t\t\t\t\t\t\t\t\t\t\t\t<div class=\"badge absolute top post-date badge-square\">\n\t\t\t\t\t\t\t<div class=\"badge-inner\">\n\t\t\t\t\t\t\t\t<span class=\"post-date-day\">21<\/span><br>\n\t\t\t\t\t\t\t\t<span class=\"post-date-month is-xsmall\">Jul<\/span>\n\t\t\t\t\t\t\t<\/div>\n\t\t\t\t\t\t<\/div>\n\t\t\t\t\t\t\t\t\t<\/div>\n\t\t\t<\/div>\n\t\t<\/div><div class=\"col post-item\" data-animate=\"fadeInUp\">\n\t\t\t<div class=\"col-inner\">\n\t\t\t\t<div class=\"box box-overlay dark box-text-bottom box-blog-post has-hover\">\n            \t\t\t\t\t<div class=\"box-image\" >\n  \t\t\t\t\t\t<div class=\"image-cover\" style=\"padding-top:100%;\">\n\t\t\t\t\t\t\t<a href=\"https:\/\/blplegal.com\/es\/riesgos-reputacionales-en-fusiones-y-adquisiciones-y-el-nuevo-estandar-de-la-debida-diligencia\/\" class=\"plain\" aria-label=\"Riesgos Reputacionales en Fusiones y Adquisiciones, y el Nuevo Est\u00e1ndar de la Debida Diligencia\">\n\t\t\t\t\t\t\t\t<img loading=\"lazy\" decoding=\"async\" width=\"2000\" height=\"682\" src=\"https:\/\/blplegal.com\/wp-content\/uploads\/2026\/07\/ART-CR-Riesgos_BLOG.jpg\" class=\"attachment-original size-original wp-post-image\" alt=\"\" srcset=\"https:\/\/blplegal.com\/wp-content\/uploads\/2026\/07\/ART-CR-Riesgos_BLOG.jpg 2000w, https:\/\/blplegal.com\/wp-content\/uploads\/2026\/07\/ART-CR-Riesgos_BLOG-300x102.jpg 300w, https:\/\/blplegal.com\/wp-content\/uploads\/2026\/07\/ART-CR-Riesgos_BLOG-1024x349.jpg 1024w, https:\/\/blplegal.com\/wp-content\/uploads\/2026\/07\/ART-CR-Riesgos_BLOG-768x262.jpg 768w, https:\/\/blplegal.com\/wp-content\/uploads\/2026\/07\/ART-CR-Riesgos_BLOG-1536x524.jpg 1536w\" sizes=\"auto, (max-width: 2000px) 100vw, 2000px\" \/>\t\t\t\t\t\t\t<\/a>\n  \t\t\t\t\t\t\t<div class=\"overlay\" style=\"background-color: rgba(0,0,0,.25)\"><\/div>  \t\t\t\t\t\t\t  \t\t\t\t\t\t<\/div>\n  \t\t\t\t\t\t  \t\t\t\t\t<\/div>\n          \t\t\t\t\t<div class=\"box-text text-center\" >\n\t\t\t\t\t<div class=\"box-text-inner blog-post-inner\">\n\n\t\t\t\t\t\n\t\t\t\t\t\t\t\t\t\t<h5 class=\"post-title is-xlarge \">\n\t\t\t\t\t\t<a href=\"https:\/\/blplegal.com\/es\/riesgos-reputacionales-en-fusiones-y-adquisiciones-y-el-nuevo-estandar-de-la-debida-diligencia\/\" class=\"plain\">Riesgos Reputacionales en Fusiones y Adquisiciones, y el Nuevo Est\u00e1ndar de la Debida Diligencia<\/a>\n\t\t\t\t\t<\/h5>\n\t\t\t\t\t\t\t\t\t\t<div class=\"is-divider\"><\/div>\n\t\t\t\t\t                    \n\t\t\t\t\t\n\t\t\t\t\t\n\t\t\t\t\t<\/div>\n\t\t\t\t\t<\/div>\n\t\t\t\t\t\t\t\t\t\t\t\t\t\t\t\t<div class=\"badge absolute top post-date badge-square\">\n\t\t\t\t\t\t\t<div class=\"badge-inner\">\n\t\t\t\t\t\t\t\t<span class=\"post-date-day\">10<\/span><br>\n\t\t\t\t\t\t\t\t<span class=\"post-date-month is-xsmall\">Jul<\/span>\n\t\t\t\t\t\t\t<\/div>\n\t\t\t\t\t\t<\/div>\n\t\t\t\t\t\t\t\t\t<\/div>\n\t\t\t<\/div>\n\t\t<\/div><div class=\"col post-item\" data-animate=\"fadeInUp\">\n\t\t\t<div class=\"col-inner\">\n\t\t\t\t<div class=\"box box-overlay dark box-text-bottom box-blog-post has-hover\">\n            \t\t\t\t\t<div class=\"box-image\" >\n  \t\t\t\t\t\t<div class=\"image-cover\" style=\"padding-top:100%;\">\n\t\t\t\t\t\t\t<a href=\"https:\/\/blplegal.com\/es\/nicaragua-nuevas-reglas-de-beneficiario-final-y-sujetos-obligados\/\" class=\"plain\" aria-label=\"Nicaragua: nuevas reglas de beneficiario final y sujetos obligados\">\n\t\t\t\t\t\t\t\t<img loading=\"lazy\" decoding=\"async\" width=\"2000\" height=\"682\" src=\"https:\/\/blplegal.com\/wp-content\/uploads\/2026\/07\/NF-NIC-Nicaragua-refuerza-la-requisitos-societarios-\u2013-JUNIO-2026_BLOG.jpg\" class=\"attachment-original size-original wp-post-image\" alt=\"\" srcset=\"https:\/\/blplegal.com\/wp-content\/uploads\/2026\/07\/NF-NIC-Nicaragua-refuerza-la-requisitos-societarios-\u2013-JUNIO-2026_BLOG.jpg 2000w, https:\/\/blplegal.com\/wp-content\/uploads\/2026\/07\/NF-NIC-Nicaragua-refuerza-la-requisitos-societarios-\u2013-JUNIO-2026_BLOG-300x102.jpg 300w, https:\/\/blplegal.com\/wp-content\/uploads\/2026\/07\/NF-NIC-Nicaragua-refuerza-la-requisitos-societarios-\u2013-JUNIO-2026_BLOG-1024x349.jpg 1024w, https:\/\/blplegal.com\/wp-content\/uploads\/2026\/07\/NF-NIC-Nicaragua-refuerza-la-requisitos-societarios-\u2013-JUNIO-2026_BLOG-768x262.jpg 768w, https:\/\/blplegal.com\/wp-content\/uploads\/2026\/07\/NF-NIC-Nicaragua-refuerza-la-requisitos-societarios-\u2013-JUNIO-2026_BLOG-1536x524.jpg 1536w\" sizes=\"auto, (max-width: 2000px) 100vw, 2000px\" \/>\t\t\t\t\t\t\t<\/a>\n  \t\t\t\t\t\t\t<div class=\"overlay\" style=\"background-color: rgba(0,0,0,.25)\"><\/div>  \t\t\t\t\t\t\t  \t\t\t\t\t\t<\/div>\n  \t\t\t\t\t\t  \t\t\t\t\t<\/div>\n          \t\t\t\t\t<div class=\"box-text text-center\" >\n\t\t\t\t\t<div class=\"box-text-inner blog-post-inner\">\n\n\t\t\t\t\t\n\t\t\t\t\t\t\t\t\t\t<h5 class=\"post-title is-xlarge \">\n\t\t\t\t\t\t<a href=\"https:\/\/blplegal.com\/es\/nicaragua-nuevas-reglas-de-beneficiario-final-y-sujetos-obligados\/\" class=\"plain\">Nicaragua: nuevas reglas de beneficiario final y sujetos obligados<\/a>\n\t\t\t\t\t<\/h5>\n\t\t\t\t\t\t\t\t\t\t<div class=\"is-divider\"><\/div>\n\t\t\t\t\t                    \n\t\t\t\t\t\n\t\t\t\t\t\n\t\t\t\t\t<\/div>\n\t\t\t\t\t<\/div>\n\t\t\t\t\t\t\t\t\t\t\t\t\t\t\t\t<div class=\"badge absolute top post-date badge-square\">\n\t\t\t\t\t\t\t<div class=\"badge-inner\">\n\t\t\t\t\t\t\t\t<span class=\"post-date-day\">02<\/span><br>\n\t\t\t\t\t\t\t\t<span class=\"post-date-month is-xsmall\">Jul<\/span>\n\t\t\t\t\t\t\t<\/div>\n\t\t\t\t\t\t<\/div>\n\t\t\t\t\t\t\t\t\t<\/div>\n\t\t\t<\/div>\n\t\t<\/div><div class=\"col post-item\" data-animate=\"fadeInUp\">\n\t\t\t<div class=\"col-inner\">\n\t\t\t\t<div class=\"box box-overlay dark box-text-bottom box-blog-post has-hover\">\n            \t\t\t\t\t<div class=\"box-image\" >\n  \t\t\t\t\t\t<div class=\"image-cover\" style=\"padding-top:100%;\">\n\t\t\t\t\t\t\t<a href=\"https:\/\/blplegal.com\/es\/adquisiciones-empresariales-y-control-de-fusiones-en-honduras-cuando-se-requiere-autorizacion-de-competencia\/\" class=\"plain\" aria-label=\"Adquisiciones empresariales y control de fusiones en Honduras: \u00bfCu\u00e1ndo se requiere autorizaci\u00f3n de competencia?\">\n\t\t\t\t\t\t\t\t<img loading=\"lazy\" decoding=\"async\" width=\"2560\" height=\"874\" src=\"https:\/\/blplegal.com\/wp-content\/uploads\/2026\/06\/ART-Cuando-una-adquisicion-empresarial-requiere-autorizacion-de-la-autoridad-de-competencia-HN_BLOG-1-scaled.jpg\" class=\"attachment-original size-original wp-post-image\" alt=\"\" srcset=\"https:\/\/blplegal.com\/wp-content\/uploads\/2026\/06\/ART-Cuando-una-adquisicion-empresarial-requiere-autorizacion-de-la-autoridad-de-competencia-HN_BLOG-1-scaled.jpg 2560w, https:\/\/blplegal.com\/wp-content\/uploads\/2026\/06\/ART-Cuando-una-adquisicion-empresarial-requiere-autorizacion-de-la-autoridad-de-competencia-HN_BLOG-1-300x102.jpg 300w, https:\/\/blplegal.com\/wp-content\/uploads\/2026\/06\/ART-Cuando-una-adquisicion-empresarial-requiere-autorizacion-de-la-autoridad-de-competencia-HN_BLOG-1-1024x349.jpg 1024w, https:\/\/blplegal.com\/wp-content\/uploads\/2026\/06\/ART-Cuando-una-adquisicion-empresarial-requiere-autorizacion-de-la-autoridad-de-competencia-HN_BLOG-1-768x262.jpg 768w, https:\/\/blplegal.com\/wp-content\/uploads\/2026\/06\/ART-Cuando-una-adquisicion-empresarial-requiere-autorizacion-de-la-autoridad-de-competencia-HN_BLOG-1-1536x524.jpg 1536w, https:\/\/blplegal.com\/wp-content\/uploads\/2026\/06\/ART-Cuando-una-adquisicion-empresarial-requiere-autorizacion-de-la-autoridad-de-competencia-HN_BLOG-1-2048x699.jpg 2048w\" sizes=\"auto, (max-width: 2560px) 100vw, 2560px\" \/>\t\t\t\t\t\t\t<\/a>\n  \t\t\t\t\t\t\t<div class=\"overlay\" style=\"background-color: rgba(0,0,0,.25)\"><\/div>  \t\t\t\t\t\t\t  \t\t\t\t\t\t<\/div>\n  \t\t\t\t\t\t  \t\t\t\t\t<\/div>\n          \t\t\t\t\t<div class=\"box-text text-center\" >\n\t\t\t\t\t<div class=\"box-text-inner blog-post-inner\">\n\n\t\t\t\t\t\n\t\t\t\t\t\t\t\t\t\t<h5 class=\"post-title is-xlarge \">\n\t\t\t\t\t\t<a href=\"https:\/\/blplegal.com\/es\/adquisiciones-empresariales-y-control-de-fusiones-en-honduras-cuando-se-requiere-autorizacion-de-competencia\/\" class=\"plain\">Adquisiciones empresariales y control de fusiones en Honduras: \u00bfCu\u00e1ndo se requiere autorizaci\u00f3n de competencia?<\/a>\n\t\t\t\t\t<\/h5>\n\t\t\t\t\t\t\t\t\t\t<div class=\"is-divider\"><\/div>\n\t\t\t\t\t                    \n\t\t\t\t\t\n\t\t\t\t\t\n\t\t\t\t\t<\/div>\n\t\t\t\t\t<\/div>\n\t\t\t\t\t\t\t\t\t\t\t\t\t\t\t\t<div class=\"badge absolute top post-date badge-square\">\n\t\t\t\t\t\t\t<div class=\"badge-inner\">\n\t\t\t\t\t\t\t\t<span class=\"post-date-day\">16<\/span><br>\n\t\t\t\t\t\t\t\t<span class=\"post-date-month is-xsmall\">Jun<\/span>\n\t\t\t\t\t\t\t<\/div>\n\t\t\t\t\t\t<\/div>\n\t\t\t\t\t\t\t\t\t<\/div>\n\t\t\t<\/div>\n\t\t<\/div><\/div>\t\t<div class=\"ux-relay__control ux-relay__control--bottom container pb-half text-center\">\n\t\t\t<ul class=\"ux-relay__pagination page-numbers nav-pagination links\"><li><span aria-current=\"page\" class=\"page-number current\">1<\/span><\/li><li><a class=\"page-number\" href=\"#\/page\/2\">2<\/a><\/li><li><a class=\"page-number\" href=\"#\/page\/3\">3<\/a><\/li><li><a class=\"page-number\" href=\"#\/page\/4\">4<\/a><\/li><li><span class=\"page-number dots\">&hellip;<\/span><\/li><li><a class=\"page-number\" href=\"#\/page\/21\">21<\/a><\/li><li><a aria-label=\"Next\" class=\"next page-number\" href=\"#\/page\/2\"><i class=\"icon-angle-right\" aria-hidden=\"true\"><\/i><\/a><\/li><\/ul>\t\t<\/div>\n\t\t\t\t<\/div>\n\t\t\n\n\n<\/div>\n<div id=\"tab_noticias\" class=\"panel entry-content\" role=\"tabpanel\" aria-labelledby=\"tab-noticias\">\n\n\t\t<div id=\"ux-relay-2245170895\" class=\"ux-relay ux-relay--pagination\" data-flatsome-relay=\"{&quot;postType&quot;:&quot;post&quot;,&quot;tag&quot;:&quot;blog_posts&quot;,&quot;atts&quot;:{&quot;style&quot;:&quot;overlay&quot;,&quot;type&quot;:&quot;row&quot;,&quot;width&quot;:&quot;full-width&quot;,&quot;columns__md&quot;:&quot;1&quot;,&quot;animate&quot;:&quot;fadeInUp&quot;,&quot;relay&quot;:&quot;pagination&quot;,&quot;cat&quot;:&quot;302&quot;,&quot;title_size&quot;:&quot;xlarge&quot;,&quot;badge_style&quot;:&quot;square&quot;,&quot;excerpt&quot;:&quot;false&quot;,&quot;excerpt_length&quot;:&quot;5&quot;,&quot;comments&quot;:&quot;false&quot;,&quot;image_height&quot;:&quot;100%&quot;,&quot;image_size&quot;:&quot;original&quot;,&quot;class&quot;:&quot;post-chess-style&quot;},&quot;currentPage&quot;:&quot;1&quot;,&quot;totalPages&quot;:55,&quot;totalPosts&quot;:437,&quot;postCount&quot;:8}\">\n\t\t\n  \n    <div class=\"row post-chess-style large-columns-4 medium-columns-1 small-columns-1 row-full-width\" >\n  <div class=\"col post-item\" data-animate=\"fadeInUp\">\n\t\t\t<div class=\"col-inner\">\n\t\t\t\t<div class=\"box box-overlay dark box-text-bottom box-blog-post has-hover\">\n            \t\t\t\t\t<div class=\"box-image\" >\n  \t\t\t\t\t\t<div class=\"image-cover\" style=\"padding-top:100%;\">\n\t\t\t\t\t\t\t<a href=\"https:\/\/blplegal.com\/es\/business-law-perspectives-27-agosto-2-septiembre-2026\/\" class=\"plain\" aria-label=\"BUSINESS LAW PERSPECTIVES | 27 AGOSTO &#8211; 2 SEPTIEMBRE, 2026\">\n\t\t\t\t\t\t\t\t<img loading=\"lazy\" decoding=\"async\" width=\"1920\" height=\"655\" src=\"https:\/\/blplegal.com\/wp-content\/uploads\/2026\/05\/noticias-CA-2026-100.jpg\" class=\"attachment-original size-original wp-post-image\" alt=\"\" srcset=\"https:\/\/blplegal.com\/wp-content\/uploads\/2026\/05\/noticias-CA-2026-100.jpg 1920w, https:\/\/blplegal.com\/wp-content\/uploads\/2026\/05\/noticias-CA-2026-100-300x102.jpg 300w, https:\/\/blplegal.com\/wp-content\/uploads\/2026\/05\/noticias-CA-2026-100-1024x349.jpg 1024w, https:\/\/blplegal.com\/wp-content\/uploads\/2026\/05\/noticias-CA-2026-100-768x262.jpg 768w, https:\/\/blplegal.com\/wp-content\/uploads\/2026\/05\/noticias-CA-2026-100-1536x524.jpg 1536w\" sizes=\"auto, (max-width: 1920px) 100vw, 1920px\" \/>\t\t\t\t\t\t\t<\/a>\n  \t\t\t\t\t\t\t<div class=\"overlay\" style=\"background-color: rgba(0,0,0,.25)\"><\/div>  \t\t\t\t\t\t\t  \t\t\t\t\t\t<\/div>\n  \t\t\t\t\t\t  \t\t\t\t\t<\/div>\n          \t\t\t\t\t<div class=\"box-text text-center\" >\n\t\t\t\t\t<div class=\"box-text-inner blog-post-inner\">\n\n\t\t\t\t\t\n\t\t\t\t\t\t\t\t\t\t<h5 class=\"post-title is-xlarge \">\n\t\t\t\t\t\t<a href=\"https:\/\/blplegal.com\/es\/business-law-perspectives-27-agosto-2-septiembre-2026\/\" class=\"plain\">BUSINESS LAW PERSPECTIVES | 27 AGOSTO &#8211; 2 SEPTIEMBRE, 2026<\/a>\n\t\t\t\t\t<\/h5>\n\t\t\t\t\t\t\t\t\t\t<div class=\"is-divider\"><\/div>\n\t\t\t\t\t                    \n\t\t\t\t\t\n\t\t\t\t\t\n\t\t\t\t\t<\/div>\n\t\t\t\t\t<\/div>\n\t\t\t\t\t\t\t\t\t\t\t\t\t\t\t\t<div class=\"badge absolute top post-date badge-square\">\n\t\t\t\t\t\t\t<div class=\"badge-inner\">\n\t\t\t\t\t\t\t\t<span class=\"post-date-day\">03<\/span><br>\n\t\t\t\t\t\t\t\t<span class=\"post-date-month is-xsmall\">Sep<\/span>\n\t\t\t\t\t\t\t<\/div>\n\t\t\t\t\t\t<\/div>\n\t\t\t\t\t\t\t\t\t<\/div>\n\t\t\t<\/div>\n\t\t<\/div><div class=\"col post-item\" data-animate=\"fadeInUp\">\n\t\t\t<div class=\"col-inner\">\n\t\t\t\t<div class=\"box box-overlay dark box-text-bottom box-blog-post has-hover\">\n            \t\t\t\t\t<div class=\"box-image\" >\n  \t\t\t\t\t\t<div class=\"image-cover\" style=\"padding-top:100%;\">\n\t\t\t\t\t\t\t<a href=\"https:\/\/blplegal.com\/es\/business-law-perspectives-20-26-agosto-2026\/\" class=\"plain\" aria-label=\"BUSINESS LAW PERSPECTIVES | 20 &#8211; 26 AGOSTO, 2026\">\n\t\t\t\t\t\t\t\t<img loading=\"lazy\" decoding=\"async\" width=\"1920\" height=\"655\" src=\"https:\/\/blplegal.com\/wp-content\/uploads\/2026\/05\/noticias-CA-2026-100.jpg\" class=\"attachment-original size-original wp-post-image\" alt=\"\" srcset=\"https:\/\/blplegal.com\/wp-content\/uploads\/2026\/05\/noticias-CA-2026-100.jpg 1920w, https:\/\/blplegal.com\/wp-content\/uploads\/2026\/05\/noticias-CA-2026-100-300x102.jpg 300w, https:\/\/blplegal.com\/wp-content\/uploads\/2026\/05\/noticias-CA-2026-100-1024x349.jpg 1024w, https:\/\/blplegal.com\/wp-content\/uploads\/2026\/05\/noticias-CA-2026-100-768x262.jpg 768w, https:\/\/blplegal.com\/wp-content\/uploads\/2026\/05\/noticias-CA-2026-100-1536x524.jpg 1536w\" sizes=\"auto, (max-width: 1920px) 100vw, 1920px\" \/>\t\t\t\t\t\t\t<\/a>\n  \t\t\t\t\t\t\t<div class=\"overlay\" style=\"background-color: rgba(0,0,0,.25)\"><\/div>  \t\t\t\t\t\t\t  \t\t\t\t\t\t<\/div>\n  \t\t\t\t\t\t  \t\t\t\t\t<\/div>\n          \t\t\t\t\t<div class=\"box-text text-center\" >\n\t\t\t\t\t<div class=\"box-text-inner blog-post-inner\">\n\n\t\t\t\t\t\n\t\t\t\t\t\t\t\t\t\t<h5 class=\"post-title is-xlarge \">\n\t\t\t\t\t\t<a href=\"https:\/\/blplegal.com\/es\/business-law-perspectives-20-26-agosto-2026\/\" class=\"plain\">BUSINESS LAW PERSPECTIVES | 20 &#8211; 26 AGOSTO, 2026<\/a>\n\t\t\t\t\t<\/h5>\n\t\t\t\t\t\t\t\t\t\t<div class=\"is-divider\"><\/div>\n\t\t\t\t\t                    \n\t\t\t\t\t\n\t\t\t\t\t\n\t\t\t\t\t<\/div>\n\t\t\t\t\t<\/div>\n\t\t\t\t\t\t\t\t\t\t\t\t\t\t\t\t<div class=\"badge absolute top post-date badge-square\">\n\t\t\t\t\t\t\t<div class=\"badge-inner\">\n\t\t\t\t\t\t\t\t<span class=\"post-date-day\">26<\/span><br>\n\t\t\t\t\t\t\t\t<span class=\"post-date-month is-xsmall\">Ago<\/span>\n\t\t\t\t\t\t\t<\/div>\n\t\t\t\t\t\t<\/div>\n\t\t\t\t\t\t\t\t\t<\/div>\n\t\t\t<\/div>\n\t\t<\/div><div class=\"col post-item\" data-animate=\"fadeInUp\">\n\t\t\t<div class=\"col-inner\">\n\t\t\t\t<div class=\"box box-overlay dark box-text-bottom box-blog-post has-hover\">\n            \t\t\t\t\t<div class=\"box-image\" >\n  \t\t\t\t\t\t<div class=\"image-cover\" style=\"padding-top:100%;\">\n\t\t\t\t\t\t\t<a href=\"https:\/\/blplegal.com\/es\/business-law-perspectives-14-19-agosto-2026\/\" class=\"plain\" aria-label=\"BUSINESS LAW PERSPECTIVES | 14 &#8211; 19 AGOSTO, 2026\">\n\t\t\t\t\t\t\t\t<img loading=\"lazy\" decoding=\"async\" width=\"1920\" height=\"655\" src=\"https:\/\/blplegal.com\/wp-content\/uploads\/2026\/05\/noticias-CA-2026-100.jpg\" class=\"attachment-original size-original wp-post-image\" alt=\"\" srcset=\"https:\/\/blplegal.com\/wp-content\/uploads\/2026\/05\/noticias-CA-2026-100.jpg 1920w, https:\/\/blplegal.com\/wp-content\/uploads\/2026\/05\/noticias-CA-2026-100-300x102.jpg 300w, https:\/\/blplegal.com\/wp-content\/uploads\/2026\/05\/noticias-CA-2026-100-1024x349.jpg 1024w, https:\/\/blplegal.com\/wp-content\/uploads\/2026\/05\/noticias-CA-2026-100-768x262.jpg 768w, https:\/\/blplegal.com\/wp-content\/uploads\/2026\/05\/noticias-CA-2026-100-1536x524.jpg 1536w\" sizes=\"auto, (max-width: 1920px) 100vw, 1920px\" \/>\t\t\t\t\t\t\t<\/a>\n  \t\t\t\t\t\t\t<div class=\"overlay\" style=\"background-color: rgba(0,0,0,.25)\"><\/div>  \t\t\t\t\t\t\t  \t\t\t\t\t\t<\/div>\n  \t\t\t\t\t\t  \t\t\t\t\t<\/div>\n          \t\t\t\t\t<div class=\"box-text text-center\" >\n\t\t\t\t\t<div class=\"box-text-inner blog-post-inner\">\n\n\t\t\t\t\t\n\t\t\t\t\t\t\t\t\t\t<h5 class=\"post-title is-xlarge \">\n\t\t\t\t\t\t<a href=\"https:\/\/blplegal.com\/es\/business-law-perspectives-14-19-agosto-2026\/\" class=\"plain\">BUSINESS LAW PERSPECTIVES | 14 &#8211; 19 AGOSTO, 2026<\/a>\n\t\t\t\t\t<\/h5>\n\t\t\t\t\t\t\t\t\t\t<div class=\"is-divider\"><\/div>\n\t\t\t\t\t                    \n\t\t\t\t\t\n\t\t\t\t\t\n\t\t\t\t\t<\/div>\n\t\t\t\t\t<\/div>\n\t\t\t\t\t\t\t\t\t\t\t\t\t\t\t\t<div class=\"badge absolute top post-date badge-square\">\n\t\t\t\t\t\t\t<div class=\"badge-inner\">\n\t\t\t\t\t\t\t\t<span class=\"post-date-day\">20<\/span><br>\n\t\t\t\t\t\t\t\t<span class=\"post-date-month is-xsmall\">Ago<\/span>\n\t\t\t\t\t\t\t<\/div>\n\t\t\t\t\t\t<\/div>\n\t\t\t\t\t\t\t\t\t<\/div>\n\t\t\t<\/div>\n\t\t<\/div><div class=\"col post-item\" data-animate=\"fadeInUp\">\n\t\t\t<div class=\"col-inner\">\n\t\t\t\t<div class=\"box box-overlay dark box-text-bottom box-blog-post has-hover\">\n            \t\t\t\t\t<div class=\"box-image\" >\n  \t\t\t\t\t\t<div class=\"image-cover\" style=\"padding-top:100%;\">\n\t\t\t\t\t\t\t<a href=\"https:\/\/blplegal.com\/es\/business-law-perspectives-6-13-agosto-2026\/\" class=\"plain\" aria-label=\"BUSINESS LAW PERSPECTIVES | 6 &#8211; 13 AGOSTO, 2026\">\n\t\t\t\t\t\t\t\t<img loading=\"lazy\" decoding=\"async\" width=\"1920\" height=\"655\" src=\"https:\/\/blplegal.com\/wp-content\/uploads\/2026\/05\/noticias-CA-2026-100.jpg\" class=\"attachment-original size-original wp-post-image\" alt=\"\" srcset=\"https:\/\/blplegal.com\/wp-content\/uploads\/2026\/05\/noticias-CA-2026-100.jpg 1920w, https:\/\/blplegal.com\/wp-content\/uploads\/2026\/05\/noticias-CA-2026-100-300x102.jpg 300w, https:\/\/blplegal.com\/wp-content\/uploads\/2026\/05\/noticias-CA-2026-100-1024x349.jpg 1024w, https:\/\/blplegal.com\/wp-content\/uploads\/2026\/05\/noticias-CA-2026-100-768x262.jpg 768w, https:\/\/blplegal.com\/wp-content\/uploads\/2026\/05\/noticias-CA-2026-100-1536x524.jpg 1536w\" sizes=\"auto, (max-width: 1920px) 100vw, 1920px\" \/>\t\t\t\t\t\t\t<\/a>\n  \t\t\t\t\t\t\t<div class=\"overlay\" style=\"background-color: rgba(0,0,0,.25)\"><\/div>  \t\t\t\t\t\t\t  \t\t\t\t\t\t<\/div>\n  \t\t\t\t\t\t  \t\t\t\t\t<\/div>\n          \t\t\t\t\t<div class=\"box-text text-center\" >\n\t\t\t\t\t<div class=\"box-text-inner blog-post-inner\">\n\n\t\t\t\t\t\n\t\t\t\t\t\t\t\t\t\t<h5 class=\"post-title is-xlarge \">\n\t\t\t\t\t\t<a href=\"https:\/\/blplegal.com\/es\/business-law-perspectives-6-13-agosto-2026\/\" class=\"plain\">BUSINESS LAW PERSPECTIVES | 6 &#8211; 13 AGOSTO, 2026<\/a>\n\t\t\t\t\t<\/h5>\n\t\t\t\t\t\t\t\t\t\t<div class=\"is-divider\"><\/div>\n\t\t\t\t\t                    \n\t\t\t\t\t\n\t\t\t\t\t\n\t\t\t\t\t<\/div>\n\t\t\t\t\t<\/div>\n\t\t\t\t\t\t\t\t\t\t\t\t\t\t\t\t<div class=\"badge absolute top post-date badge-square\">\n\t\t\t\t\t\t\t<div class=\"badge-inner\">\n\t\t\t\t\t\t\t\t<span class=\"post-date-day\">14<\/span><br>\n\t\t\t\t\t\t\t\t<span class=\"post-date-month is-xsmall\">Ago<\/span>\n\t\t\t\t\t\t\t<\/div>\n\t\t\t\t\t\t<\/div>\n\t\t\t\t\t\t\t\t\t<\/div>\n\t\t\t<\/div>\n\t\t<\/div><div class=\"col post-item\" data-animate=\"fadeInUp\">\n\t\t\t<div class=\"col-inner\">\n\t\t\t\t<div class=\"box box-overlay dark box-text-bottom box-blog-post has-hover\">\n            \t\t\t\t\t<div class=\"box-image\" >\n  \t\t\t\t\t\t<div class=\"image-cover\" style=\"padding-top:100%;\">\n\t\t\t\t\t\t\t<a href=\"https:\/\/blplegal.com\/es\/blp-transacciones-latinoamericanas-2025\/\" class=\"plain\" aria-label=\"Latin\u00a0Lawyer Destaca a BLP Entre las Firmas L\u00edderes de Am\u00e9rica Latina\">\n\t\t\t\t\t\t\t\t<img loading=\"lazy\" decoding=\"async\" width=\"2560\" height=\"873\" src=\"https:\/\/blplegal.com\/wp-content\/uploads\/2026\/08\/Arte_LL-Deal-Tracker_BLOG-scaled.jpg\" class=\"attachment-original size-original wp-post-image\" alt=\"\" srcset=\"https:\/\/blplegal.com\/wp-content\/uploads\/2026\/08\/Arte_LL-Deal-Tracker_BLOG-scaled.jpg 2560w, https:\/\/blplegal.com\/wp-content\/uploads\/2026\/08\/Arte_LL-Deal-Tracker_BLOG-300x102.jpg 300w, https:\/\/blplegal.com\/wp-content\/uploads\/2026\/08\/Arte_LL-Deal-Tracker_BLOG-1024x349.jpg 1024w, https:\/\/blplegal.com\/wp-content\/uploads\/2026\/08\/Arte_LL-Deal-Tracker_BLOG-768x262.jpg 768w, https:\/\/blplegal.com\/wp-content\/uploads\/2026\/08\/Arte_LL-Deal-Tracker_BLOG-1536x524.jpg 1536w, https:\/\/blplegal.com\/wp-content\/uploads\/2026\/08\/Arte_LL-Deal-Tracker_BLOG-2048x699.jpg 2048w\" sizes=\"auto, (max-width: 2560px) 100vw, 2560px\" \/>\t\t\t\t\t\t\t<\/a>\n  \t\t\t\t\t\t\t<div class=\"overlay\" style=\"background-color: rgba(0,0,0,.25)\"><\/div>  \t\t\t\t\t\t\t  \t\t\t\t\t\t<\/div>\n  \t\t\t\t\t\t  \t\t\t\t\t<\/div>\n          \t\t\t\t\t<div class=\"box-text text-center\" >\n\t\t\t\t\t<div class=\"box-text-inner blog-post-inner\">\n\n\t\t\t\t\t\n\t\t\t\t\t\t\t\t\t\t<h5 class=\"post-title is-xlarge \">\n\t\t\t\t\t\t<a href=\"https:\/\/blplegal.com\/es\/blp-transacciones-latinoamericanas-2025\/\" class=\"plain\">Latin\u00a0Lawyer Destaca a BLP Entre las Firmas L\u00edderes de Am\u00e9rica Latina<\/a>\n\t\t\t\t\t<\/h5>\n\t\t\t\t\t\t\t\t\t\t<div class=\"is-divider\"><\/div>\n\t\t\t\t\t                    \n\t\t\t\t\t\n\t\t\t\t\t\n\t\t\t\t\t<\/div>\n\t\t\t\t\t<\/div>\n\t\t\t\t\t\t\t\t\t\t\t\t\t\t\t\t<div class=\"badge absolute top post-date badge-square\">\n\t\t\t\t\t\t\t<div class=\"badge-inner\">\n\t\t\t\t\t\t\t\t<span class=\"post-date-day\">07<\/span><br>\n\t\t\t\t\t\t\t\t<span class=\"post-date-month is-xsmall\">Ago<\/span>\n\t\t\t\t\t\t\t<\/div>\n\t\t\t\t\t\t<\/div>\n\t\t\t\t\t\t\t\t\t<\/div>\n\t\t\t<\/div>\n\t\t<\/div><div class=\"col post-item\" data-animate=\"fadeInUp\">\n\t\t\t<div class=\"col-inner\">\n\t\t\t\t<div class=\"box box-overlay dark box-text-bottom box-blog-post has-hover\">\n            \t\t\t\t\t<div class=\"box-image\" >\n  \t\t\t\t\t\t<div class=\"image-cover\" style=\"padding-top:100%;\">\n\t\t\t\t\t\t\t<a href=\"https:\/\/blplegal.com\/es\/business-law-perspectives-30-julio-5-agosto-2026\/\" class=\"plain\" aria-label=\"BUSINESS LAW PERSPECTIVES | 30 JULIO &#8211; 5 AGOSTO, 2026\">\n\t\t\t\t\t\t\t\t<img loading=\"lazy\" decoding=\"async\" width=\"1920\" height=\"655\" src=\"https:\/\/blplegal.com\/wp-content\/uploads\/2026\/05\/noticias-CA-2026-100.jpg\" class=\"attachment-original size-original wp-post-image\" alt=\"\" srcset=\"https:\/\/blplegal.com\/wp-content\/uploads\/2026\/05\/noticias-CA-2026-100.jpg 1920w, https:\/\/blplegal.com\/wp-content\/uploads\/2026\/05\/noticias-CA-2026-100-300x102.jpg 300w, https:\/\/blplegal.com\/wp-content\/uploads\/2026\/05\/noticias-CA-2026-100-1024x349.jpg 1024w, https:\/\/blplegal.com\/wp-content\/uploads\/2026\/05\/noticias-CA-2026-100-768x262.jpg 768w, https:\/\/blplegal.com\/wp-content\/uploads\/2026\/05\/noticias-CA-2026-100-1536x524.jpg 1536w\" sizes=\"auto, (max-width: 1920px) 100vw, 1920px\" \/>\t\t\t\t\t\t\t<\/a>\n  \t\t\t\t\t\t\t<div class=\"overlay\" style=\"background-color: rgba(0,0,0,.25)\"><\/div>  \t\t\t\t\t\t\t  \t\t\t\t\t\t<\/div>\n  \t\t\t\t\t\t  \t\t\t\t\t<\/div>\n          \t\t\t\t\t<div class=\"box-text text-center\" >\n\t\t\t\t\t<div class=\"box-text-inner blog-post-inner\">\n\n\t\t\t\t\t\n\t\t\t\t\t\t\t\t\t\t<h5 class=\"post-title is-xlarge \">\n\t\t\t\t\t\t<a href=\"https:\/\/blplegal.com\/es\/business-law-perspectives-30-julio-5-agosto-2026\/\" class=\"plain\">BUSINESS LAW PERSPECTIVES | 30 JULIO &#8211; 5 AGOSTO, 2026<\/a>\n\t\t\t\t\t<\/h5>\n\t\t\t\t\t\t\t\t\t\t<div class=\"is-divider\"><\/div>\n\t\t\t\t\t                    \n\t\t\t\t\t\n\t\t\t\t\t\n\t\t\t\t\t<\/div>\n\t\t\t\t\t<\/div>\n\t\t\t\t\t\t\t\t\t\t\t\t\t\t\t\t<div class=\"badge absolute top post-date badge-square\">\n\t\t\t\t\t\t\t<div class=\"badge-inner\">\n\t\t\t\t\t\t\t\t<span class=\"post-date-day\">06<\/span><br>\n\t\t\t\t\t\t\t\t<span class=\"post-date-month is-xsmall\">Ago<\/span>\n\t\t\t\t\t\t\t<\/div>\n\t\t\t\t\t\t<\/div>\n\t\t\t\t\t\t\t\t\t<\/div>\n\t\t\t<\/div>\n\t\t<\/div><div class=\"col post-item\" data-animate=\"fadeInUp\">\n\t\t\t<div class=\"col-inner\">\n\t\t\t\t<div class=\"box box-overlay dark box-text-bottom box-blog-post has-hover\">\n            \t\t\t\t\t<div class=\"box-image\" >\n  \t\t\t\t\t\t<div class=\"image-cover\" style=\"padding-top:100%;\">\n\t\t\t\t\t\t\t<a href=\"https:\/\/blplegal.com\/es\/certificacion-carbono-neutro-plus-11\/\" class=\"plain\" aria-label=\"Un a\u00f1o m\u00e1s comprometidos con reducir nuestro impacto ambiental\">\n\t\t\t\t\t\t\t\t<img loading=\"lazy\" decoding=\"async\" width=\"2560\" height=\"873\" src=\"https:\/\/blplegal.com\/wp-content\/uploads\/2026\/08\/Arte_Carbono-Neutral-2026_BLOG-2-scaled.jpg\" class=\"attachment-original size-original wp-post-image\" alt=\"\" srcset=\"https:\/\/blplegal.com\/wp-content\/uploads\/2026\/08\/Arte_Carbono-Neutral-2026_BLOG-2-scaled.jpg 2560w, https:\/\/blplegal.com\/wp-content\/uploads\/2026\/08\/Arte_Carbono-Neutral-2026_BLOG-2-300x102.jpg 300w, https:\/\/blplegal.com\/wp-content\/uploads\/2026\/08\/Arte_Carbono-Neutral-2026_BLOG-2-1024x349.jpg 1024w, https:\/\/blplegal.com\/wp-content\/uploads\/2026\/08\/Arte_Carbono-Neutral-2026_BLOG-2-768x262.jpg 768w, https:\/\/blplegal.com\/wp-content\/uploads\/2026\/08\/Arte_Carbono-Neutral-2026_BLOG-2-1536x524.jpg 1536w, https:\/\/blplegal.com\/wp-content\/uploads\/2026\/08\/Arte_Carbono-Neutral-2026_BLOG-2-2048x699.jpg 2048w\" sizes=\"auto, (max-width: 2560px) 100vw, 2560px\" \/>\t\t\t\t\t\t\t<\/a>\n  \t\t\t\t\t\t\t<div class=\"overlay\" style=\"background-color: rgba(0,0,0,.25)\"><\/div>  \t\t\t\t\t\t\t  \t\t\t\t\t\t<\/div>\n  \t\t\t\t\t\t  \t\t\t\t\t<\/div>\n          \t\t\t\t\t<div class=\"box-text text-center\" >\n\t\t\t\t\t<div class=\"box-text-inner blog-post-inner\">\n\n\t\t\t\t\t\n\t\t\t\t\t\t\t\t\t\t<h5 class=\"post-title is-xlarge \">\n\t\t\t\t\t\t<a href=\"https:\/\/blplegal.com\/es\/certificacion-carbono-neutro-plus-11\/\" class=\"plain\">Un a\u00f1o m\u00e1s comprometidos con reducir nuestro impacto ambiental<\/a>\n\t\t\t\t\t<\/h5>\n\t\t\t\t\t\t\t\t\t\t<div class=\"is-divider\"><\/div>\n\t\t\t\t\t                    \n\t\t\t\t\t\n\t\t\t\t\t\n\t\t\t\t\t<\/div>\n\t\t\t\t\t<\/div>\n\t\t\t\t\t\t\t\t\t\t\t\t\t\t\t\t<div class=\"badge absolute top post-date badge-square\">\n\t\t\t\t\t\t\t<div class=\"badge-inner\">\n\t\t\t\t\t\t\t\t<span class=\"post-date-day\">03<\/span><br>\n\t\t\t\t\t\t\t\t<span class=\"post-date-month is-xsmall\">Ago<\/span>\n\t\t\t\t\t\t\t<\/div>\n\t\t\t\t\t\t<\/div>\n\t\t\t\t\t\t\t\t\t<\/div>\n\t\t\t<\/div>\n\t\t<\/div><div class=\"col post-item\" data-animate=\"fadeInUp\">\n\t\t\t<div class=\"col-inner\">\n\t\t\t\t<div class=\"box box-overlay dark box-text-bottom box-blog-post has-hover\">\n            \t\t\t\t\t<div class=\"box-image\" >\n  \t\t\t\t\t\t<div class=\"image-cover\" style=\"padding-top:100%;\">\n\t\t\t\t\t\t\t<a href=\"https:\/\/blplegal.com\/es\/business-law-perspectives-24-29-julio-2026\/\" class=\"plain\" aria-label=\"BUSINESS LAW PERSPECTIVES | 24 &#8211; 29 JULIO, 2026\">\n\t\t\t\t\t\t\t\t<img loading=\"lazy\" decoding=\"async\" width=\"1920\" height=\"655\" src=\"https:\/\/blplegal.com\/wp-content\/uploads\/2026\/05\/noticias-CA-2026-100.jpg\" class=\"attachment-original size-original wp-post-image\" alt=\"\" srcset=\"https:\/\/blplegal.com\/wp-content\/uploads\/2026\/05\/noticias-CA-2026-100.jpg 1920w, https:\/\/blplegal.com\/wp-content\/uploads\/2026\/05\/noticias-CA-2026-100-300x102.jpg 300w, https:\/\/blplegal.com\/wp-content\/uploads\/2026\/05\/noticias-CA-2026-100-1024x349.jpg 1024w, https:\/\/blplegal.com\/wp-content\/uploads\/2026\/05\/noticias-CA-2026-100-768x262.jpg 768w, https:\/\/blplegal.com\/wp-content\/uploads\/2026\/05\/noticias-CA-2026-100-1536x524.jpg 1536w\" sizes=\"auto, (max-width: 1920px) 100vw, 1920px\" \/>\t\t\t\t\t\t\t<\/a>\n  \t\t\t\t\t\t\t<div class=\"overlay\" style=\"background-color: rgba(0,0,0,.25)\"><\/div>  \t\t\t\t\t\t\t  \t\t\t\t\t\t<\/div>\n  \t\t\t\t\t\t  \t\t\t\t\t<\/div>\n          \t\t\t\t\t<div class=\"box-text text-center\" >\n\t\t\t\t\t<div class=\"box-text-inner blog-post-inner\">\n\n\t\t\t\t\t\n\t\t\t\t\t\t\t\t\t\t<h5 class=\"post-title is-xlarge \">\n\t\t\t\t\t\t<a href=\"https:\/\/blplegal.com\/es\/business-law-perspectives-24-29-julio-2026\/\" class=\"plain\">BUSINESS LAW PERSPECTIVES | 24 &#8211; 29 JULIO, 2026<\/a>\n\t\t\t\t\t<\/h5>\n\t\t\t\t\t\t\t\t\t\t<div class=\"is-divider\"><\/div>\n\t\t\t\t\t                    \n\t\t\t\t\t\n\t\t\t\t\t\n\t\t\t\t\t<\/div>\n\t\t\t\t\t<\/div>\n\t\t\t\t\t\t\t\t\t\t\t\t\t\t\t\t<div class=\"badge absolute top post-date badge-square\">\n\t\t\t\t\t\t\t<div class=\"badge-inner\">\n\t\t\t\t\t\t\t\t<span class=\"post-date-day\">30<\/span><br>\n\t\t\t\t\t\t\t\t<span class=\"post-date-month is-xsmall\">Jul<\/span>\n\t\t\t\t\t\t\t<\/div>\n\t\t\t\t\t\t<\/div>\n\t\t\t\t\t\t\t\t\t<\/div>\n\t\t\t<\/div>\n\t\t<\/div><\/div>\t\t<div class=\"ux-relay__control ux-relay__control--bottom container pb-half text-center\">\n\t\t\t<ul class=\"ux-relay__pagination page-numbers nav-pagination links\"><li><span aria-current=\"page\" class=\"page-number current\">1<\/span><\/li><li><a class=\"page-number\" href=\"#\/page\/2\">2<\/a><\/li><li><a class=\"page-number\" href=\"#\/page\/3\">3<\/a><\/li><li><a class=\"page-number\" href=\"#\/page\/4\">4<\/a><\/li><li><span class=\"page-number dots\">&hellip;<\/span><\/li><li><a class=\"page-number\" href=\"#\/page\/55\">55<\/a><\/li><li><a aria-label=\"Next\" class=\"next page-number\" href=\"#\/page\/2\"><i class=\"icon-angle-right\" aria-hidden=\"true\"><\/i><\/a><\/li><\/ul>\t\t<\/div>\n\t\t\t\t<\/div>\n\t\t\n\n\n<\/div>\n<div id=\"tab_newsflash\" class=\"panel entry-content\" role=\"tabpanel\" aria-labelledby=\"tab-newsflash\">\n\n\t\t<div id=\"ux-relay-3801881599\" class=\"ux-relay ux-relay--pagination\" data-flatsome-relay=\"{&quot;postType&quot;:&quot;post&quot;,&quot;tag&quot;:&quot;blog_posts&quot;,&quot;atts&quot;:{&quot;style&quot;:&quot;overlay&quot;,&quot;type&quot;:&quot;row&quot;,&quot;width&quot;:&quot;full-width&quot;,&quot;columns__md&quot;:&quot;1&quot;,&quot;animate&quot;:&quot;fadeInUp&quot;,&quot;relay&quot;:&quot;pagination&quot;,&quot;cat&quot;:&quot;312&quot;,&quot;title_size&quot;:&quot;xlarge&quot;,&quot;badge_style&quot;:&quot;square&quot;,&quot;excerpt&quot;:&quot;false&quot;,&quot;excerpt_length&quot;:&quot;5&quot;,&quot;comments&quot;:&quot;false&quot;,&quot;image_height&quot;:&quot;100%&quot;,&quot;image_size&quot;:&quot;original&quot;,&quot;class&quot;:&quot;post-chess-style&quot;},&quot;currentPage&quot;:&quot;1&quot;,&quot;totalPages&quot;:4,&quot;totalPosts&quot;:25,&quot;postCount&quot;:8}\">\n\t\t\n  \n    <div class=\"row post-chess-style large-columns-4 medium-columns-1 small-columns-1 row-full-width\" >\n  <div class=\"col post-item\" data-animate=\"fadeInUp\">\n\t\t\t<div class=\"col-inner\">\n\t\t\t\t<div class=\"box box-overlay dark box-text-bottom box-blog-post has-hover\">\n            \t\t\t\t\t<div class=\"box-image\" >\n  \t\t\t\t\t\t<div class=\"image-cover\" style=\"padding-top:100%;\">\n\t\t\t\t\t\t\t<a href=\"https:\/\/blplegal.com\/es\/reforma-contratacion-publica-obligaciones-laborales\/\" class=\"plain\" aria-label=\"Reforma a la Ley General de Contrataci\u00f3n P\u00fablica: nuevas exigencias laborales\">\n\t\t\t\t\t\t\t\t<img loading=\"lazy\" decoding=\"async\" width=\"2000\" height=\"682\" src=\"https:\/\/blplegal.com\/wp-content\/uploads\/2026\/09\/NF-CR-Reforma-a-la-Ley-General-de-Contratacion-P-08.jpg\" class=\"attachment-original size-original wp-post-image\" alt=\"\" srcset=\"https:\/\/blplegal.com\/wp-content\/uploads\/2026\/09\/NF-CR-Reforma-a-la-Ley-General-de-Contratacion-P-08.jpg 2000w, https:\/\/blplegal.com\/wp-content\/uploads\/2026\/09\/NF-CR-Reforma-a-la-Ley-General-de-Contratacion-P-08-300x102.jpg 300w, https:\/\/blplegal.com\/wp-content\/uploads\/2026\/09\/NF-CR-Reforma-a-la-Ley-General-de-Contratacion-P-08-1024x349.jpg 1024w, https:\/\/blplegal.com\/wp-content\/uploads\/2026\/09\/NF-CR-Reforma-a-la-Ley-General-de-Contratacion-P-08-768x262.jpg 768w, https:\/\/blplegal.com\/wp-content\/uploads\/2026\/09\/NF-CR-Reforma-a-la-Ley-General-de-Contratacion-P-08-1536x524.jpg 1536w\" sizes=\"auto, (max-width: 2000px) 100vw, 2000px\" \/>\t\t\t\t\t\t\t<\/a>\n  \t\t\t\t\t\t\t<div class=\"overlay\" style=\"background-color: rgba(0,0,0,.25)\"><\/div>  \t\t\t\t\t\t\t  \t\t\t\t\t\t<\/div>\n  \t\t\t\t\t\t  \t\t\t\t\t<\/div>\n          \t\t\t\t\t<div class=\"box-text text-center\" >\n\t\t\t\t\t<div class=\"box-text-inner blog-post-inner\">\n\n\t\t\t\t\t\n\t\t\t\t\t\t\t\t\t\t<h5 class=\"post-title is-xlarge \">\n\t\t\t\t\t\t<a href=\"https:\/\/blplegal.com\/es\/reforma-contratacion-publica-obligaciones-laborales\/\" class=\"plain\">Reforma a la Ley General de Contrataci\u00f3n P\u00fablica: nuevas exigencias laborales<\/a>\n\t\t\t\t\t<\/h5>\n\t\t\t\t\t\t\t\t\t\t<div class=\"is-divider\"><\/div>\n\t\t\t\t\t                    \n\t\t\t\t\t\n\t\t\t\t\t\n\t\t\t\t\t<\/div>\n\t\t\t\t\t<\/div>\n\t\t\t\t\t\t\t\t\t\t\t\t\t\t\t\t<div class=\"badge absolute top post-date badge-square\">\n\t\t\t\t\t\t\t<div class=\"badge-inner\">\n\t\t\t\t\t\t\t\t<span class=\"post-date-day\">03<\/span><br>\n\t\t\t\t\t\t\t\t<span class=\"post-date-month is-xsmall\">Sep<\/span>\n\t\t\t\t\t\t\t<\/div>\n\t\t\t\t\t\t<\/div>\n\t\t\t\t\t\t\t\t\t<\/div>\n\t\t\t<\/div>\n\t\t<\/div><div class=\"col post-item\" data-animate=\"fadeInUp\">\n\t\t\t<div class=\"col-inner\">\n\t\t\t\t<div class=\"box box-overlay dark box-text-bottom box-blog-post has-hover\">\n            \t\t\t\t\t<div class=\"box-image\" >\n  \t\t\t\t\t\t<div class=\"image-cover\" style=\"padding-top:100%;\">\n\t\t\t\t\t\t\t<a href=\"https:\/\/blplegal.com\/es\/delegado-proteccion-datos-el-salvador-ace\/\" class=\"plain\" aria-label=\"Registro Obligatorio del Delegado de Protecci\u00f3n de Datos en El Salvador\">\n\t\t\t\t\t\t\t\t<img loading=\"lazy\" decoding=\"async\" width=\"2000\" height=\"682\" src=\"https:\/\/blplegal.com\/wp-content\/uploads\/2026\/09\/NF-SV-Emision-de-Lineamientos-para-el-Delegado-de-Proteccion-de-Datos-Personales-2026_BLOG.jpg\" class=\"attachment-original size-original wp-post-image\" alt=\"\" srcset=\"https:\/\/blplegal.com\/wp-content\/uploads\/2026\/09\/NF-SV-Emision-de-Lineamientos-para-el-Delegado-de-Proteccion-de-Datos-Personales-2026_BLOG.jpg 2000w, https:\/\/blplegal.com\/wp-content\/uploads\/2026\/09\/NF-SV-Emision-de-Lineamientos-para-el-Delegado-de-Proteccion-de-Datos-Personales-2026_BLOG-300x102.jpg 300w, https:\/\/blplegal.com\/wp-content\/uploads\/2026\/09\/NF-SV-Emision-de-Lineamientos-para-el-Delegado-de-Proteccion-de-Datos-Personales-2026_BLOG-1024x349.jpg 1024w, https:\/\/blplegal.com\/wp-content\/uploads\/2026\/09\/NF-SV-Emision-de-Lineamientos-para-el-Delegado-de-Proteccion-de-Datos-Personales-2026_BLOG-768x262.jpg 768w, https:\/\/blplegal.com\/wp-content\/uploads\/2026\/09\/NF-SV-Emision-de-Lineamientos-para-el-Delegado-de-Proteccion-de-Datos-Personales-2026_BLOG-1536x524.jpg 1536w\" sizes=\"auto, (max-width: 2000px) 100vw, 2000px\" \/>\t\t\t\t\t\t\t<\/a>\n  \t\t\t\t\t\t\t<div class=\"overlay\" style=\"background-color: rgba(0,0,0,.25)\"><\/div>  \t\t\t\t\t\t\t  \t\t\t\t\t\t<\/div>\n  \t\t\t\t\t\t  \t\t\t\t\t<\/div>\n          \t\t\t\t\t<div class=\"box-text text-center\" >\n\t\t\t\t\t<div class=\"box-text-inner blog-post-inner\">\n\n\t\t\t\t\t\n\t\t\t\t\t\t\t\t\t\t<h5 class=\"post-title is-xlarge \">\n\t\t\t\t\t\t<a href=\"https:\/\/blplegal.com\/es\/delegado-proteccion-datos-el-salvador-ace\/\" class=\"plain\">Registro Obligatorio del Delegado de Protecci\u00f3n de Datos en El Salvador<\/a>\n\t\t\t\t\t<\/h5>\n\t\t\t\t\t\t\t\t\t\t<div class=\"is-divider\"><\/div>\n\t\t\t\t\t                    \n\t\t\t\t\t\n\t\t\t\t\t\n\t\t\t\t\t<\/div>\n\t\t\t\t\t<\/div>\n\t\t\t\t\t\t\t\t\t\t\t\t\t\t\t\t<div class=\"badge absolute top post-date badge-square\">\n\t\t\t\t\t\t\t<div class=\"badge-inner\">\n\t\t\t\t\t\t\t\t<span class=\"post-date-day\">02<\/span><br>\n\t\t\t\t\t\t\t\t<span class=\"post-date-month is-xsmall\">Sep<\/span>\n\t\t\t\t\t\t\t<\/div>\n\t\t\t\t\t\t<\/div>\n\t\t\t\t\t\t\t\t\t<\/div>\n\t\t\t<\/div>\n\t\t<\/div><div class=\"col post-item\" data-animate=\"fadeInUp\">\n\t\t\t<div class=\"col-inner\">\n\t\t\t\t<div class=\"box box-overlay dark box-text-bottom box-blog-post has-hover\">\n            \t\t\t\t\t<div class=\"box-image\" >\n  \t\t\t\t\t\t<div class=\"image-cover\" style=\"padding-top:100%;\">\n\t\t\t\t\t\t\t<a href=\"https:\/\/blplegal.com\/es\/reforma-iusi-guatemala-inmuebles-2026\/\" class=\"plain\" aria-label=\"Guatemala modifica el IUSI y otras reglas tributarias aplicables a inmuebles\">\n\t\t\t\t\t\t\t\t<img loading=\"lazy\" decoding=\"async\" width=\"2560\" height=\"873\" src=\"https:\/\/blplegal.com\/wp-content\/uploads\/2026\/09\/NF-IUSI-y-otras-reglas-tributarias-aplicables-a-inmueblesGT_BLOG-scaled.jpg\" class=\"attachment-original size-original wp-post-image\" alt=\"\" srcset=\"https:\/\/blplegal.com\/wp-content\/uploads\/2026\/09\/NF-IUSI-y-otras-reglas-tributarias-aplicables-a-inmueblesGT_BLOG-scaled.jpg 2560w, https:\/\/blplegal.com\/wp-content\/uploads\/2026\/09\/NF-IUSI-y-otras-reglas-tributarias-aplicables-a-inmueblesGT_BLOG-300x102.jpg 300w, https:\/\/blplegal.com\/wp-content\/uploads\/2026\/09\/NF-IUSI-y-otras-reglas-tributarias-aplicables-a-inmueblesGT_BLOG-1024x349.jpg 1024w, https:\/\/blplegal.com\/wp-content\/uploads\/2026\/09\/NF-IUSI-y-otras-reglas-tributarias-aplicables-a-inmueblesGT_BLOG-768x262.jpg 768w, https:\/\/blplegal.com\/wp-content\/uploads\/2026\/09\/NF-IUSI-y-otras-reglas-tributarias-aplicables-a-inmueblesGT_BLOG-1536x524.jpg 1536w, https:\/\/blplegal.com\/wp-content\/uploads\/2026\/09\/NF-IUSI-y-otras-reglas-tributarias-aplicables-a-inmueblesGT_BLOG-2048x699.jpg 2048w\" sizes=\"auto, (max-width: 2560px) 100vw, 2560px\" \/>\t\t\t\t\t\t\t<\/a>\n  \t\t\t\t\t\t\t<div class=\"overlay\" style=\"background-color: rgba(0,0,0,.25)\"><\/div>  \t\t\t\t\t\t\t  \t\t\t\t\t\t<\/div>\n  \t\t\t\t\t\t  \t\t\t\t\t<\/div>\n          \t\t\t\t\t<div class=\"box-text text-center\" >\n\t\t\t\t\t<div class=\"box-text-inner blog-post-inner\">\n\n\t\t\t\t\t\n\t\t\t\t\t\t\t\t\t\t<h5 class=\"post-title is-xlarge \">\n\t\t\t\t\t\t<a href=\"https:\/\/blplegal.com\/es\/reforma-iusi-guatemala-inmuebles-2026\/\" class=\"plain\">Guatemala modifica el IUSI y otras reglas tributarias aplicables a inmuebles<\/a>\n\t\t\t\t\t<\/h5>\n\t\t\t\t\t\t\t\t\t\t<div class=\"is-divider\"><\/div>\n\t\t\t\t\t                    \n\t\t\t\t\t\n\t\t\t\t\t\n\t\t\t\t\t<\/div>\n\t\t\t\t\t<\/div>\n\t\t\t\t\t\t\t\t\t\t\t\t\t\t\t\t<div class=\"badge absolute top post-date badge-square\">\n\t\t\t\t\t\t\t<div class=\"badge-inner\">\n\t\t\t\t\t\t\t\t<span class=\"post-date-day\">01<\/span><br>\n\t\t\t\t\t\t\t\t<span class=\"post-date-month is-xsmall\">Sep<\/span>\n\t\t\t\t\t\t\t<\/div>\n\t\t\t\t\t\t<\/div>\n\t\t\t\t\t\t\t\t\t<\/div>\n\t\t\t<\/div>\n\t\t<\/div><div class=\"col post-item\" data-animate=\"fadeInUp\">\n\t\t\t<div class=\"col-inner\">\n\t\t\t\t<div class=\"box box-overlay dark box-text-bottom box-blog-post has-hover\">\n            \t\t\t\t\t<div class=\"box-image\" >\n  \t\t\t\t\t\t<div class=\"image-cover\" style=\"padding-top:100%;\">\n\t\t\t\t\t\t\t<a href=\"https:\/\/blplegal.com\/es\/guatemala-registro-accionistas-registro-mercantil-aml\/\" class=\"plain\" aria-label=\"Guatemala: nueva Ley AML exige actualizar el registro de accionistas ante el Registro Mercantil\">\n\t\t\t\t\t\t\t\t<img loading=\"lazy\" decoding=\"async\" width=\"2560\" height=\"873\" src=\"https:\/\/blplegal.com\/wp-content\/uploads\/2026\/08\/NF-ACTUALIZACION-DEL-REGISTRO-DE-ACCIONISTAS-Y-DE-ADMINISTRADORESGT_BLOG-scaled.jpg\" class=\"attachment-original size-original wp-post-image\" alt=\"\" srcset=\"https:\/\/blplegal.com\/wp-content\/uploads\/2026\/08\/NF-ACTUALIZACION-DEL-REGISTRO-DE-ACCIONISTAS-Y-DE-ADMINISTRADORESGT_BLOG-scaled.jpg 2560w, https:\/\/blplegal.com\/wp-content\/uploads\/2026\/08\/NF-ACTUALIZACION-DEL-REGISTRO-DE-ACCIONISTAS-Y-DE-ADMINISTRADORESGT_BLOG-300x102.jpg 300w, https:\/\/blplegal.com\/wp-content\/uploads\/2026\/08\/NF-ACTUALIZACION-DEL-REGISTRO-DE-ACCIONISTAS-Y-DE-ADMINISTRADORESGT_BLOG-1024x349.jpg 1024w, https:\/\/blplegal.com\/wp-content\/uploads\/2026\/08\/NF-ACTUALIZACION-DEL-REGISTRO-DE-ACCIONISTAS-Y-DE-ADMINISTRADORESGT_BLOG-768x262.jpg 768w, https:\/\/blplegal.com\/wp-content\/uploads\/2026\/08\/NF-ACTUALIZACION-DEL-REGISTRO-DE-ACCIONISTAS-Y-DE-ADMINISTRADORESGT_BLOG-1536x524.jpg 1536w, https:\/\/blplegal.com\/wp-content\/uploads\/2026\/08\/NF-ACTUALIZACION-DEL-REGISTRO-DE-ACCIONISTAS-Y-DE-ADMINISTRADORESGT_BLOG-2048x699.jpg 2048w\" sizes=\"auto, (max-width: 2560px) 100vw, 2560px\" \/>\t\t\t\t\t\t\t<\/a>\n  \t\t\t\t\t\t\t<div class=\"overlay\" style=\"background-color: rgba(0,0,0,.25)\"><\/div>  \t\t\t\t\t\t\t  \t\t\t\t\t\t<\/div>\n  \t\t\t\t\t\t  \t\t\t\t\t<\/div>\n          \t\t\t\t\t<div class=\"box-text text-center\" >\n\t\t\t\t\t<div class=\"box-text-inner blog-post-inner\">\n\n\t\t\t\t\t\n\t\t\t\t\t\t\t\t\t\t<h5 class=\"post-title is-xlarge \">\n\t\t\t\t\t\t<a href=\"https:\/\/blplegal.com\/es\/guatemala-registro-accionistas-registro-mercantil-aml\/\" class=\"plain\">Guatemala: nueva Ley AML exige actualizar el registro de accionistas ante el Registro Mercantil<\/a>\n\t\t\t\t\t<\/h5>\n\t\t\t\t\t\t\t\t\t\t<div class=\"is-divider\"><\/div>\n\t\t\t\t\t                    \n\t\t\t\t\t\n\t\t\t\t\t\n\t\t\t\t\t<\/div>\n\t\t\t\t\t<\/div>\n\t\t\t\t\t\t\t\t\t\t\t\t\t\t\t\t<div class=\"badge absolute top post-date badge-square\">\n\t\t\t\t\t\t\t<div class=\"badge-inner\">\n\t\t\t\t\t\t\t\t<span class=\"post-date-day\">27<\/span><br>\n\t\t\t\t\t\t\t\t<span class=\"post-date-month is-xsmall\">Ago<\/span>\n\t\t\t\t\t\t\t<\/div>\n\t\t\t\t\t\t<\/div>\n\t\t\t\t\t\t\t\t\t<\/div>\n\t\t\t<\/div>\n\t\t<\/div><div class=\"col post-item\" data-animate=\"fadeInUp\">\n\t\t\t<div class=\"col-inner\">\n\t\t\t\t<div class=\"box box-overlay dark box-text-bottom box-blog-post has-hover\">\n            \t\t\t\t\t<div class=\"box-image\" >\n  \t\t\t\t\t\t<div class=\"image-cover\" style=\"padding-top:100%;\">\n\t\t\t\t\t\t\t<a href=\"https:\/\/blplegal.com\/es\/concesion-vial-san-jose-cartago-costa-rica\/\" class=\"plain\" aria-label=\"Costa Rica prepara licitaci\u00f3n para la ampliaci\u00f3n de la ruta San Jos\u00e9 \u2013 Cartago\">\n\t\t\t\t\t\t\t\t<img loading=\"lazy\" decoding=\"async\" width=\"2560\" height=\"873\" src=\"https:\/\/blplegal.com\/wp-content\/uploads\/2026\/08\/NF-Costa-Rica-prepara-licitacion-para-la-ampliacion-de-la-ruta-San-Jose-\u2013-CartagoCR_BLOG-scaled.jpg\" class=\"attachment-original size-original wp-post-image\" alt=\"\" srcset=\"https:\/\/blplegal.com\/wp-content\/uploads\/2026\/08\/NF-Costa-Rica-prepara-licitacion-para-la-ampliacion-de-la-ruta-San-Jose-\u2013-CartagoCR_BLOG-scaled.jpg 2560w, https:\/\/blplegal.com\/wp-content\/uploads\/2026\/08\/NF-Costa-Rica-prepara-licitacion-para-la-ampliacion-de-la-ruta-San-Jose-\u2013-CartagoCR_BLOG-300x102.jpg 300w, https:\/\/blplegal.com\/wp-content\/uploads\/2026\/08\/NF-Costa-Rica-prepara-licitacion-para-la-ampliacion-de-la-ruta-San-Jose-\u2013-CartagoCR_BLOG-1024x349.jpg 1024w, https:\/\/blplegal.com\/wp-content\/uploads\/2026\/08\/NF-Costa-Rica-prepara-licitacion-para-la-ampliacion-de-la-ruta-San-Jose-\u2013-CartagoCR_BLOG-768x262.jpg 768w, https:\/\/blplegal.com\/wp-content\/uploads\/2026\/08\/NF-Costa-Rica-prepara-licitacion-para-la-ampliacion-de-la-ruta-San-Jose-\u2013-CartagoCR_BLOG-1536x524.jpg 1536w, https:\/\/blplegal.com\/wp-content\/uploads\/2026\/08\/NF-Costa-Rica-prepara-licitacion-para-la-ampliacion-de-la-ruta-San-Jose-\u2013-CartagoCR_BLOG-2048x699.jpg 2048w\" sizes=\"auto, (max-width: 2560px) 100vw, 2560px\" \/>\t\t\t\t\t\t\t<\/a>\n  \t\t\t\t\t\t\t<div class=\"overlay\" style=\"background-color: rgba(0,0,0,.25)\"><\/div>  \t\t\t\t\t\t\t  \t\t\t\t\t\t<\/div>\n  \t\t\t\t\t\t  \t\t\t\t\t<\/div>\n          \t\t\t\t\t<div class=\"box-text text-center\" >\n\t\t\t\t\t<div class=\"box-text-inner blog-post-inner\">\n\n\t\t\t\t\t\n\t\t\t\t\t\t\t\t\t\t<h5 class=\"post-title is-xlarge \">\n\t\t\t\t\t\t<a href=\"https:\/\/blplegal.com\/es\/concesion-vial-san-jose-cartago-costa-rica\/\" class=\"plain\">Costa Rica prepara licitaci\u00f3n para la ampliaci\u00f3n de la ruta San Jos\u00e9 \u2013 Cartago<\/a>\n\t\t\t\t\t<\/h5>\n\t\t\t\t\t\t\t\t\t\t<div class=\"is-divider\"><\/div>\n\t\t\t\t\t                    \n\t\t\t\t\t\n\t\t\t\t\t\n\t\t\t\t\t<\/div>\n\t\t\t\t\t<\/div>\n\t\t\t\t\t\t\t\t\t\t\t\t\t\t\t\t<div class=\"badge absolute top post-date badge-square\">\n\t\t\t\t\t\t\t<div class=\"badge-inner\">\n\t\t\t\t\t\t\t\t<span class=\"post-date-day\">21<\/span><br>\n\t\t\t\t\t\t\t\t<span class=\"post-date-month is-xsmall\">Ago<\/span>\n\t\t\t\t\t\t\t<\/div>\n\t\t\t\t\t\t<\/div>\n\t\t\t\t\t\t\t\t\t<\/div>\n\t\t\t<\/div>\n\t\t<\/div><div class=\"col post-item\" data-animate=\"fadeInUp\">\n\t\t\t<div class=\"col-inner\">\n\t\t\t\t<div class=\"box box-overlay dark box-text-bottom box-blog-post has-hover\">\n            \t\t\t\t\t<div class=\"box-image\" >\n  \t\t\t\t\t\t<div class=\"image-cover\" style=\"padding-top:100%;\">\n\t\t\t\t\t\t\t<a href=\"https:\/\/blplegal.com\/es\/licitacion-corredor-vial-san-jose-san-ramon\/\" class=\"plain\" aria-label=\"Gobierno de Costa Rica anuncia pr\u00f3xima licitaci\u00f3n para construcci\u00f3n de Ruta San Jos\u00e9- San Ram\u00f3n\">\n\t\t\t\t\t\t\t\t<img loading=\"lazy\" decoding=\"async\" width=\"2560\" height=\"873\" src=\"https:\/\/blplegal.com\/wp-content\/uploads\/2026\/08\/NF-Construccion-de-Ruta-San-Jose-San-RamonCR_BLOG-scaled.jpg\" class=\"attachment-original size-original wp-post-image\" alt=\"\" srcset=\"https:\/\/blplegal.com\/wp-content\/uploads\/2026\/08\/NF-Construccion-de-Ruta-San-Jose-San-RamonCR_BLOG-scaled.jpg 2560w, https:\/\/blplegal.com\/wp-content\/uploads\/2026\/08\/NF-Construccion-de-Ruta-San-Jose-San-RamonCR_BLOG-300x102.jpg 300w, https:\/\/blplegal.com\/wp-content\/uploads\/2026\/08\/NF-Construccion-de-Ruta-San-Jose-San-RamonCR_BLOG-1024x349.jpg 1024w, https:\/\/blplegal.com\/wp-content\/uploads\/2026\/08\/NF-Construccion-de-Ruta-San-Jose-San-RamonCR_BLOG-768x262.jpg 768w, https:\/\/blplegal.com\/wp-content\/uploads\/2026\/08\/NF-Construccion-de-Ruta-San-Jose-San-RamonCR_BLOG-1536x524.jpg 1536w, https:\/\/blplegal.com\/wp-content\/uploads\/2026\/08\/NF-Construccion-de-Ruta-San-Jose-San-RamonCR_BLOG-2048x699.jpg 2048w\" sizes=\"auto, (max-width: 2560px) 100vw, 2560px\" \/>\t\t\t\t\t\t\t<\/a>\n  \t\t\t\t\t\t\t<div class=\"overlay\" style=\"background-color: rgba(0,0,0,.25)\"><\/div>  \t\t\t\t\t\t\t  \t\t\t\t\t\t<\/div>\n  \t\t\t\t\t\t  \t\t\t\t\t<\/div>\n          \t\t\t\t\t<div class=\"box-text text-center\" >\n\t\t\t\t\t<div class=\"box-text-inner blog-post-inner\">\n\n\t\t\t\t\t\n\t\t\t\t\t\t\t\t\t\t<h5 class=\"post-title is-xlarge \">\n\t\t\t\t\t\t<a href=\"https:\/\/blplegal.com\/es\/licitacion-corredor-vial-san-jose-san-ramon\/\" class=\"plain\">Gobierno de Costa Rica anuncia pr\u00f3xima licitaci\u00f3n para construcci\u00f3n de Ruta San Jos\u00e9- San Ram\u00f3n<\/a>\n\t\t\t\t\t<\/h5>\n\t\t\t\t\t\t\t\t\t\t<div class=\"is-divider\"><\/div>\n\t\t\t\t\t                    \n\t\t\t\t\t\n\t\t\t\t\t\n\t\t\t\t\t<\/div>\n\t\t\t\t\t<\/div>\n\t\t\t\t\t\t\t\t\t\t\t\t\t\t\t\t<div class=\"badge absolute top post-date badge-square\">\n\t\t\t\t\t\t\t<div class=\"badge-inner\">\n\t\t\t\t\t\t\t\t<span class=\"post-date-day\">17<\/span><br>\n\t\t\t\t\t\t\t\t<span class=\"post-date-month is-xsmall\">Ago<\/span>\n\t\t\t\t\t\t\t<\/div>\n\t\t\t\t\t\t<\/div>\n\t\t\t\t\t\t\t\t\t<\/div>\n\t\t\t<\/div>\n\t\t<\/div><div class=\"col post-item\" data-animate=\"fadeInUp\">\n\t\t\t<div class=\"col-inner\">\n\t\t\t\t<div class=\"box box-overlay dark box-text-bottom box-blog-post has-hover\">\n            \t\t\t\t\t<div class=\"box-image\" >\n  \t\t\t\t\t\t<div class=\"image-cover\" style=\"padding-top:100%;\">\n\t\t\t\t\t\t\t<a href=\"https:\/\/blplegal.com\/es\/sector-portuario-guatemalteco\/\" class=\"plain\" aria-label=\"Guatemala aprueba la Ley General del Sistema Portuario Nacional\">\n\t\t\t\t\t\t\t\t<img loading=\"lazy\" decoding=\"async\" width=\"2560\" height=\"873\" src=\"https:\/\/blplegal.com\/wp-content\/uploads\/2026\/08\/NF-Ley-General-del-Sistema-Portuario-NacionalGT_BLOG-scaled.jpg\" class=\"attachment-original size-original wp-post-image\" alt=\"\" srcset=\"https:\/\/blplegal.com\/wp-content\/uploads\/2026\/08\/NF-Ley-General-del-Sistema-Portuario-NacionalGT_BLOG-scaled.jpg 2560w, https:\/\/blplegal.com\/wp-content\/uploads\/2026\/08\/NF-Ley-General-del-Sistema-Portuario-NacionalGT_BLOG-300x102.jpg 300w, https:\/\/blplegal.com\/wp-content\/uploads\/2026\/08\/NF-Ley-General-del-Sistema-Portuario-NacionalGT_BLOG-1024x349.jpg 1024w, https:\/\/blplegal.com\/wp-content\/uploads\/2026\/08\/NF-Ley-General-del-Sistema-Portuario-NacionalGT_BLOG-768x262.jpg 768w, https:\/\/blplegal.com\/wp-content\/uploads\/2026\/08\/NF-Ley-General-del-Sistema-Portuario-NacionalGT_BLOG-1536x524.jpg 1536w, https:\/\/blplegal.com\/wp-content\/uploads\/2026\/08\/NF-Ley-General-del-Sistema-Portuario-NacionalGT_BLOG-2048x699.jpg 2048w\" sizes=\"auto, (max-width: 2560px) 100vw, 2560px\" \/>\t\t\t\t\t\t\t<\/a>\n  \t\t\t\t\t\t\t<div class=\"overlay\" style=\"background-color: rgba(0,0,0,.25)\"><\/div>  \t\t\t\t\t\t\t  \t\t\t\t\t\t<\/div>\n  \t\t\t\t\t\t  \t\t\t\t\t<\/div>\n          \t\t\t\t\t<div class=\"box-text text-center\" >\n\t\t\t\t\t<div class=\"box-text-inner blog-post-inner\">\n\n\t\t\t\t\t\n\t\t\t\t\t\t\t\t\t\t<h5 class=\"post-title is-xlarge \">\n\t\t\t\t\t\t<a href=\"https:\/\/blplegal.com\/es\/sector-portuario-guatemalteco\/\" class=\"plain\">Guatemala aprueba la Ley General del Sistema Portuario Nacional<\/a>\n\t\t\t\t\t<\/h5>\n\t\t\t\t\t\t\t\t\t\t<div class=\"is-divider\"><\/div>\n\t\t\t\t\t                    \n\t\t\t\t\t\n\t\t\t\t\t\n\t\t\t\t\t<\/div>\n\t\t\t\t\t<\/div>\n\t\t\t\t\t\t\t\t\t\t\t\t\t\t\t\t<div class=\"badge absolute top post-date badge-square\">\n\t\t\t\t\t\t\t<div class=\"badge-inner\">\n\t\t\t\t\t\t\t\t<span class=\"post-date-day\">06<\/span><br>\n\t\t\t\t\t\t\t\t<span class=\"post-date-month is-xsmall\">Ago<\/span>\n\t\t\t\t\t\t\t<\/div>\n\t\t\t\t\t\t<\/div>\n\t\t\t\t\t\t\t\t\t<\/div>\n\t\t\t<\/div>\n\t\t<\/div><div class=\"col post-item\" data-animate=\"fadeInUp\">\n\t\t\t<div class=\"col-inner\">\n\t\t\t\t<div class=\"box box-overlay dark box-text-bottom box-blog-post has-hover\">\n            \t\t\t\t\t<div class=\"box-image\" >\n  \t\t\t\t\t\t<div class=\"image-cover\" style=\"padding-top:100%;\">\n\t\t\t\t\t\t\t<a href=\"https:\/\/blplegal.com\/es\/reformas-iusi-guatemala\/\" class=\"plain\" aria-label=\"Reformas al impuesto \u00fanico sobre inmuebles en Guatemala\">\n\t\t\t\t\t\t\t\t<img loading=\"lazy\" decoding=\"async\" width=\"2560\" height=\"873\" src=\"https:\/\/blplegal.com\/wp-content\/uploads\/2026\/07\/NF-Reformas-al-impuesto-sobre-inmuebleGT_BLOG-scaled.jpg\" class=\"attachment-original size-original wp-post-image\" alt=\"\" srcset=\"https:\/\/blplegal.com\/wp-content\/uploads\/2026\/07\/NF-Reformas-al-impuesto-sobre-inmuebleGT_BLOG-scaled.jpg 2560w, https:\/\/blplegal.com\/wp-content\/uploads\/2026\/07\/NF-Reformas-al-impuesto-sobre-inmuebleGT_BLOG-300x102.jpg 300w, https:\/\/blplegal.com\/wp-content\/uploads\/2026\/07\/NF-Reformas-al-impuesto-sobre-inmuebleGT_BLOG-1024x349.jpg 1024w, https:\/\/blplegal.com\/wp-content\/uploads\/2026\/07\/NF-Reformas-al-impuesto-sobre-inmuebleGT_BLOG-768x262.jpg 768w, https:\/\/blplegal.com\/wp-content\/uploads\/2026\/07\/NF-Reformas-al-impuesto-sobre-inmuebleGT_BLOG-1536x524.jpg 1536w, https:\/\/blplegal.com\/wp-content\/uploads\/2026\/07\/NF-Reformas-al-impuesto-sobre-inmuebleGT_BLOG-2048x699.jpg 2048w\" sizes=\"auto, (max-width: 2560px) 100vw, 2560px\" \/>\t\t\t\t\t\t\t<\/a>\n  \t\t\t\t\t\t\t<div class=\"overlay\" style=\"background-color: rgba(0,0,0,.25)\"><\/div>  \t\t\t\t\t\t\t  \t\t\t\t\t\t<\/div>\n  \t\t\t\t\t\t  \t\t\t\t\t<\/div>\n          \t\t\t\t\t<div class=\"box-text text-center\" >\n\t\t\t\t\t<div class=\"box-text-inner blog-post-inner\">\n\n\t\t\t\t\t\n\t\t\t\t\t\t\t\t\t\t<h5 class=\"post-title is-xlarge \">\n\t\t\t\t\t\t<a href=\"https:\/\/blplegal.com\/es\/reformas-iusi-guatemala\/\" class=\"plain\">Reformas al impuesto \u00fanico sobre inmuebles en Guatemala<\/a>\n\t\t\t\t\t<\/h5>\n\t\t\t\t\t\t\t\t\t\t<div class=\"is-divider\"><\/div>\n\t\t\t\t\t                    \n\t\t\t\t\t\n\t\t\t\t\t\n\t\t\t\t\t<\/div>\n\t\t\t\t\t<\/div>\n\t\t\t\t\t\t\t\t\t\t\t\t\t\t\t\t<div class=\"badge absolute top post-date badge-square\">\n\t\t\t\t\t\t\t<div class=\"badge-inner\">\n\t\t\t\t\t\t\t\t<span class=\"post-date-day\">31<\/span><br>\n\t\t\t\t\t\t\t\t<span class=\"post-date-month is-xsmall\">Jul<\/span>\n\t\t\t\t\t\t\t<\/div>\n\t\t\t\t\t\t<\/div>\n\t\t\t\t\t\t\t\t\t<\/div>\n\t\t\t<\/div>\n\t\t<\/div><\/div>\t\t<div class=\"ux-relay__control ux-relay__control--bottom container pb-half text-center\">\n\t\t\t<ul class=\"ux-relay__pagination page-numbers nav-pagination links\"><li><span aria-current=\"page\" class=\"page-number current\">1<\/span><\/li><li><a class=\"page-number\" href=\"#\/page\/2\">2<\/a><\/li><li><a class=\"page-number\" href=\"#\/page\/3\">3<\/a><\/li><li><a class=\"page-number\" href=\"#\/page\/4\">4<\/a><\/li><li><a aria-label=\"Next\" class=\"next page-number\" href=\"#\/page\/2\"><i class=\"icon-angle-right\" aria-hidden=\"true\"><\/i><\/a><\/li><\/ul>\t\t<\/div>\n\t\t\t\t<\/div>\n\t\t\n\n\n<\/div>\n<div id=\"tab_transacciones\" class=\"panel entry-content\" role=\"tabpanel\" aria-labelledby=\"tab-transacciones\">\n\n\n  \n    <div class=\"row post-chess-style large-columns-4 medium-columns-1 small-columns-1 row-full-width\" >\n  <div class=\"col post-item\" data-animate=\"fadeInUp\">\n\t\t\t<div class=\"col-inner\">\n\t\t\t\t<div class=\"box box-overlay dark box-text-bottom box-blog-post has-hover\">\n            \t\t\t\t\t<div class=\"box-image\" >\n  \t\t\t\t\t\t<div class=\"image-cover\" style=\"padding-top:100%;\">\n\t\t\t\t\t\t\t<a href=\"https:\/\/blplegal.com\/es\/acuerdo-conciliacion-ciadi-scatec-klp-honduras\/\" class=\"plain\" aria-label=\"BLP asesora a Scatec Solar ASA y KLP Norfund Investments AS en acuerdo de conciliaci\u00f3n con el Estado de Honduras ante el CIADI\">\n\t\t\t\t\t\t\t\t<img loading=\"lazy\" decoding=\"async\" width=\"2560\" height=\"873\" src=\"https:\/\/blplegal.com\/wp-content\/uploads\/2026\/08\/DEAL-CR-Scatec-Solar-ASA-y-KLP-Norfund-Investments-scaled.jpg\" class=\"attachment-original size-original wp-post-image\" alt=\"\" srcset=\"https:\/\/blplegal.com\/wp-content\/uploads\/2026\/08\/DEAL-CR-Scatec-Solar-ASA-y-KLP-Norfund-Investments-scaled.jpg 2560w, https:\/\/blplegal.com\/wp-content\/uploads\/2026\/08\/DEAL-CR-Scatec-Solar-ASA-y-KLP-Norfund-Investments-300x102.jpg 300w, https:\/\/blplegal.com\/wp-content\/uploads\/2026\/08\/DEAL-CR-Scatec-Solar-ASA-y-KLP-Norfund-Investments-1024x349.jpg 1024w, https:\/\/blplegal.com\/wp-content\/uploads\/2026\/08\/DEAL-CR-Scatec-Solar-ASA-y-KLP-Norfund-Investments-768x262.jpg 768w, https:\/\/blplegal.com\/wp-content\/uploads\/2026\/08\/DEAL-CR-Scatec-Solar-ASA-y-KLP-Norfund-Investments-1536x524.jpg 1536w, https:\/\/blplegal.com\/wp-content\/uploads\/2026\/08\/DEAL-CR-Scatec-Solar-ASA-y-KLP-Norfund-Investments-2048x699.jpg 2048w\" sizes=\"auto, (max-width: 2560px) 100vw, 2560px\" \/>\t\t\t\t\t\t\t<\/a>\n  \t\t\t\t\t\t\t<div class=\"overlay\" style=\"background-color: rgba(0,0,0,.25)\"><\/div>  \t\t\t\t\t\t\t  \t\t\t\t\t\t<\/div>\n  \t\t\t\t\t\t  \t\t\t\t\t<\/div>\n          \t\t\t\t\t<div class=\"box-text text-center\" >\n\t\t\t\t\t<div class=\"box-text-inner blog-post-inner\">\n\n\t\t\t\t\t\n\t\t\t\t\t\t\t\t\t\t<h5 class=\"post-title is-xlarge \">\n\t\t\t\t\t\t<a href=\"https:\/\/blplegal.com\/es\/acuerdo-conciliacion-ciadi-scatec-klp-honduras\/\" class=\"plain\">BLP asesora a Scatec Solar ASA y KLP Norfund Investments AS en acuerdo de conciliaci\u00f3n con el Estado de Honduras ante el CIADI<\/a>\n\t\t\t\t\t<\/h5>\n\t\t\t\t\t\t\t\t\t\t<div class=\"is-divider\"><\/div>\n\t\t\t\t\t                    \n\t\t\t\t\t\n\t\t\t\t\t\n\t\t\t\t\t<\/div>\n\t\t\t\t\t<\/div>\n\t\t\t\t\t\t\t\t\t\t\t\t\t\t\t\t<div class=\"badge absolute top post-date badge-square\">\n\t\t\t\t\t\t\t<div class=\"badge-inner\">\n\t\t\t\t\t\t\t\t<span class=\"post-date-day\">24<\/span><br>\n\t\t\t\t\t\t\t\t<span class=\"post-date-month is-xsmall\">Ago<\/span>\n\t\t\t\t\t\t\t<\/div>\n\t\t\t\t\t\t<\/div>\n\t\t\t\t\t\t\t\t\t<\/div>\n\t\t\t<\/div>\n\t\t<\/div><div class=\"col post-item\" data-animate=\"fadeInUp\">\n\t\t\t<div class=\"col-inner\">\n\t\t\t\t<div class=\"box box-overlay dark box-text-bottom box-blog-post has-hover\">\n            \t\t\t\t\t<div class=\"box-image\" >\n  \t\t\t\t\t\t<div class=\"image-cover\" style=\"padding-top:100%;\">\n\t\t\t\t\t\t\t<a href=\"https:\/\/blplegal.com\/es\/emision-bonos-soberanos-honduras\/\" class=\"plain\" aria-label=\"BLP asesora a Citigroup y Santander en colocaci\u00f3n de bono soberano de Honduras por US$815 millones\">\n\t\t\t\t\t\t\t\t<img loading=\"lazy\" decoding=\"async\" width=\"2560\" height=\"873\" src=\"https:\/\/blplegal.com\/wp-content\/uploads\/2026\/07\/Deal-BLP-asesora-a-Citigroup-y-Santander-en-colocacion-de-bono-soberano_BLOG-ESP-ENG-scaled.jpg\" class=\"attachment-original size-original wp-post-image\" alt=\"\" srcset=\"https:\/\/blplegal.com\/wp-content\/uploads\/2026\/07\/Deal-BLP-asesora-a-Citigroup-y-Santander-en-colocacion-de-bono-soberano_BLOG-ESP-ENG-scaled.jpg 2560w, https:\/\/blplegal.com\/wp-content\/uploads\/2026\/07\/Deal-BLP-asesora-a-Citigroup-y-Santander-en-colocacion-de-bono-soberano_BLOG-ESP-ENG-300x102.jpg 300w, https:\/\/blplegal.com\/wp-content\/uploads\/2026\/07\/Deal-BLP-asesora-a-Citigroup-y-Santander-en-colocacion-de-bono-soberano_BLOG-ESP-ENG-1024x349.jpg 1024w, https:\/\/blplegal.com\/wp-content\/uploads\/2026\/07\/Deal-BLP-asesora-a-Citigroup-y-Santander-en-colocacion-de-bono-soberano_BLOG-ESP-ENG-768x262.jpg 768w, https:\/\/blplegal.com\/wp-content\/uploads\/2026\/07\/Deal-BLP-asesora-a-Citigroup-y-Santander-en-colocacion-de-bono-soberano_BLOG-ESP-ENG-1536x524.jpg 1536w, https:\/\/blplegal.com\/wp-content\/uploads\/2026\/07\/Deal-BLP-asesora-a-Citigroup-y-Santander-en-colocacion-de-bono-soberano_BLOG-ESP-ENG-2048x699.jpg 2048w\" sizes=\"auto, (max-width: 2560px) 100vw, 2560px\" \/>\t\t\t\t\t\t\t<\/a>\n  \t\t\t\t\t\t\t<div class=\"overlay\" style=\"background-color: rgba(0,0,0,.25)\"><\/div>  \t\t\t\t\t\t\t  \t\t\t\t\t\t<\/div>\n  \t\t\t\t\t\t  \t\t\t\t\t<\/div>\n          \t\t\t\t\t<div class=\"box-text text-center\" >\n\t\t\t\t\t<div class=\"box-text-inner blog-post-inner\">\n\n\t\t\t\t\t\n\t\t\t\t\t\t\t\t\t\t<h5 class=\"post-title is-xlarge \">\n\t\t\t\t\t\t<a href=\"https:\/\/blplegal.com\/es\/emision-bonos-soberanos-honduras\/\" class=\"plain\">BLP asesora a Citigroup y Santander en colocaci\u00f3n de bono soberano de Honduras por US$815 millones<\/a>\n\t\t\t\t\t<\/h5>\n\t\t\t\t\t\t\t\t\t\t<div class=\"is-divider\"><\/div>\n\t\t\t\t\t                    \n\t\t\t\t\t\n\t\t\t\t\t\n\t\t\t\t\t<\/div>\n\t\t\t\t\t<\/div>\n\t\t\t\t\t\t\t\t\t\t\t\t\t\t\t\t<div class=\"badge absolute top post-date badge-square\">\n\t\t\t\t\t\t\t<div class=\"badge-inner\">\n\t\t\t\t\t\t\t\t<span class=\"post-date-day\">31<\/span><br>\n\t\t\t\t\t\t\t\t<span class=\"post-date-month is-xsmall\">Jul<\/span>\n\t\t\t\t\t\t\t<\/div>\n\t\t\t\t\t\t<\/div>\n\t\t\t\t\t\t\t\t\t<\/div>\n\t\t\t<\/div>\n\t\t<\/div><div class=\"col post-item\" data-animate=\"fadeInUp\">\n\t\t\t<div class=\"col-inner\">\n\t\t\t\t<div class=\"box box-overlay dark box-text-bottom box-blog-post has-hover\">\n            \t\t\t\t\t<div class=\"box-image\" >\n  \t\t\t\t\t\t<div class=\"image-cover\" style=\"padding-top:100%;\">\n\t\t\t\t\t\t\t<a href=\"https:\/\/blplegal.com\/es\/blp-asesora-a-bid-invest-y-co-inversionistas-en-programa-de-bonos-sostenibles-de-mobiliare-por-us300-millones\/\" class=\"plain\" aria-label=\"BLP asesora a BID\u00a0Invest\u00a0y\u00a0co-inversionistas\u00a0en programa de bonos sostenibles de\u00a0Mobiliare\u00a0por US$300 millones\">\n\t\t\t\t\t\t\t\t<img loading=\"lazy\" decoding=\"async\" width=\"2560\" height=\"873\" src=\"https:\/\/blplegal.com\/wp-content\/uploads\/2026\/06\/Deal-IDB-Invest-and-Co-Investors-on-Mobiliare_BLOG-ESP-ENG-scaled.jpg\" class=\"attachment-original size-original wp-post-image\" alt=\"\" srcset=\"https:\/\/blplegal.com\/wp-content\/uploads\/2026\/06\/Deal-IDB-Invest-and-Co-Investors-on-Mobiliare_BLOG-ESP-ENG-scaled.jpg 2560w, https:\/\/blplegal.com\/wp-content\/uploads\/2026\/06\/Deal-IDB-Invest-and-Co-Investors-on-Mobiliare_BLOG-ESP-ENG-300x102.jpg 300w, https:\/\/blplegal.com\/wp-content\/uploads\/2026\/06\/Deal-IDB-Invest-and-Co-Investors-on-Mobiliare_BLOG-ESP-ENG-1024x349.jpg 1024w, https:\/\/blplegal.com\/wp-content\/uploads\/2026\/06\/Deal-IDB-Invest-and-Co-Investors-on-Mobiliare_BLOG-ESP-ENG-768x262.jpg 768w, https:\/\/blplegal.com\/wp-content\/uploads\/2026\/06\/Deal-IDB-Invest-and-Co-Investors-on-Mobiliare_BLOG-ESP-ENG-1536x524.jpg 1536w, https:\/\/blplegal.com\/wp-content\/uploads\/2026\/06\/Deal-IDB-Invest-and-Co-Investors-on-Mobiliare_BLOG-ESP-ENG-2048x699.jpg 2048w\" sizes=\"auto, (max-width: 2560px) 100vw, 2560px\" \/>\t\t\t\t\t\t\t<\/a>\n  \t\t\t\t\t\t\t<div class=\"overlay\" style=\"background-color: rgba(0,0,0,.25)\"><\/div>  \t\t\t\t\t\t\t  \t\t\t\t\t\t<\/div>\n  \t\t\t\t\t\t  \t\t\t\t\t<\/div>\n          \t\t\t\t\t<div class=\"box-text text-center\" >\n\t\t\t\t\t<div class=\"box-text-inner blog-post-inner\">\n\n\t\t\t\t\t\n\t\t\t\t\t\t\t\t\t\t<h5 class=\"post-title is-xlarge \">\n\t\t\t\t\t\t<a href=\"https:\/\/blplegal.com\/es\/blp-asesora-a-bid-invest-y-co-inversionistas-en-programa-de-bonos-sostenibles-de-mobiliare-por-us300-millones\/\" class=\"plain\">BLP asesora a BID\u00a0Invest\u00a0y\u00a0co-inversionistas\u00a0en programa de bonos sostenibles de\u00a0Mobiliare\u00a0por US$300 millones<\/a>\n\t\t\t\t\t<\/h5>\n\t\t\t\t\t\t\t\t\t\t<div class=\"is-divider\"><\/div>\n\t\t\t\t\t                    \n\t\t\t\t\t\n\t\t\t\t\t\n\t\t\t\t\t<\/div>\n\t\t\t\t\t<\/div>\n\t\t\t\t\t\t\t\t\t\t\t\t\t\t\t\t<div class=\"badge absolute top post-date badge-square\">\n\t\t\t\t\t\t\t<div class=\"badge-inner\">\n\t\t\t\t\t\t\t\t<span class=\"post-date-day\">23<\/span><br>\n\t\t\t\t\t\t\t\t<span class=\"post-date-month is-xsmall\">Jun<\/span>\n\t\t\t\t\t\t\t<\/div>\n\t\t\t\t\t\t<\/div>\n\t\t\t\t\t\t\t\t\t<\/div>\n\t\t\t<\/div>\n\t\t<\/div><div class=\"col post-item\" data-animate=\"fadeInUp\">\n\t\t\t<div class=\"col-inner\">\n\t\t\t\t<div class=\"box box-overlay dark box-text-bottom box-blog-post has-hover\">\n            \t\t\t\t\t<div class=\"box-image\" >\n  \t\t\t\t\t\t<div class=\"image-cover\" style=\"padding-top:100%;\">\n\t\t\t\t\t\t\t<a href=\"https:\/\/blplegal.com\/es\/blp-asesora-a-fmo-deg-y-proparco-en-financiamiento-por-us300-millones-a-banco-industrial-en-guatemala\/\" class=\"plain\" aria-label=\"BLP asesora a FMO, DEG y\u00a0Proparco\u00a0en financiamiento por US$300 millones a Banco Industrial en Guatemala\">\n\t\t\t\t\t\t\t\t<img loading=\"lazy\" decoding=\"async\" width=\"2560\" height=\"874\" src=\"https:\/\/blplegal.com\/wp-content\/uploads\/2026\/06\/Deal-FMO-DEG-y-Proparco_BLOG-ESP-ENG-scaled.jpg\" class=\"attachment-original size-original wp-post-image\" alt=\"\" srcset=\"https:\/\/blplegal.com\/wp-content\/uploads\/2026\/06\/Deal-FMO-DEG-y-Proparco_BLOG-ESP-ENG-scaled.jpg 2560w, https:\/\/blplegal.com\/wp-content\/uploads\/2026\/06\/Deal-FMO-DEG-y-Proparco_BLOG-ESP-ENG-300x102.jpg 300w, https:\/\/blplegal.com\/wp-content\/uploads\/2026\/06\/Deal-FMO-DEG-y-Proparco_BLOG-ESP-ENG-1024x349.jpg 1024w, https:\/\/blplegal.com\/wp-content\/uploads\/2026\/06\/Deal-FMO-DEG-y-Proparco_BLOG-ESP-ENG-768x262.jpg 768w, https:\/\/blplegal.com\/wp-content\/uploads\/2026\/06\/Deal-FMO-DEG-y-Proparco_BLOG-ESP-ENG-1536x524.jpg 1536w, https:\/\/blplegal.com\/wp-content\/uploads\/2026\/06\/Deal-FMO-DEG-y-Proparco_BLOG-ESP-ENG-2048x699.jpg 2048w\" sizes=\"auto, (max-width: 2560px) 100vw, 2560px\" \/>\t\t\t\t\t\t\t<\/a>\n  \t\t\t\t\t\t\t<div class=\"overlay\" style=\"background-color: rgba(0,0,0,.25)\"><\/div>  \t\t\t\t\t\t\t  \t\t\t\t\t\t<\/div>\n  \t\t\t\t\t\t  \t\t\t\t\t<\/div>\n          \t\t\t\t\t<div class=\"box-text text-center\" >\n\t\t\t\t\t<div class=\"box-text-inner blog-post-inner\">\n\n\t\t\t\t\t\n\t\t\t\t\t\t\t\t\t\t<h5 class=\"post-title is-xlarge \">\n\t\t\t\t\t\t<a href=\"https:\/\/blplegal.com\/es\/blp-asesora-a-fmo-deg-y-proparco-en-financiamiento-por-us300-millones-a-banco-industrial-en-guatemala\/\" class=\"plain\">BLP asesora a FMO, DEG y\u00a0Proparco\u00a0en financiamiento por US$300 millones a Banco Industrial en Guatemala<\/a>\n\t\t\t\t\t<\/h5>\n\t\t\t\t\t\t\t\t\t\t<div class=\"is-divider\"><\/div>\n\t\t\t\t\t                    \n\t\t\t\t\t\n\t\t\t\t\t\n\t\t\t\t\t<\/div>\n\t\t\t\t\t<\/div>\n\t\t\t\t\t\t\t\t\t\t\t\t\t\t\t\t<div class=\"badge absolute top post-date badge-square\">\n\t\t\t\t\t\t\t<div class=\"badge-inner\">\n\t\t\t\t\t\t\t\t<span class=\"post-date-day\">10<\/span><br>\n\t\t\t\t\t\t\t\t<span class=\"post-date-month is-xsmall\">Jun<\/span>\n\t\t\t\t\t\t\t<\/div>\n\t\t\t\t\t\t<\/div>\n\t\t\t\t\t\t\t\t\t<\/div>\n\t\t\t<\/div>\n\t\t<\/div><div class=\"col post-item\" data-animate=\"fadeInUp\">\n\t\t\t<div class=\"col-inner\">\n\t\t\t\t<div class=\"box box-overlay dark box-text-bottom box-blog-post has-hover\">\n            \t\t\t\t\t<div class=\"box-image\" >\n  \t\t\t\t\t\t<div class=\"image-cover\" style=\"padding-top:100%;\">\n\t\t\t\t\t\t\t<a href=\"https:\/\/blplegal.com\/es\/blp-asesora-a-oaktree-en-refinanciamiento-garantizado-de-hasta-us300-millones-para-establishment-labs\/\" class=\"plain\" aria-label=\"BLP asesora a Oaktree en refinanciamiento garantizado de hasta US$300 millones para Establishment Labs\">\n\t\t\t\t\t\t\t\t<img loading=\"lazy\" decoding=\"async\" width=\"2560\" height=\"873\" src=\"https:\/\/blplegal.com\/wp-content\/uploads\/2026\/06\/Deal-Oaktree-en-refinanciamiento_BLOG-ESP-ENG-scaled.jpg\" class=\"attachment-original size-original wp-post-image\" alt=\"\" srcset=\"https:\/\/blplegal.com\/wp-content\/uploads\/2026\/06\/Deal-Oaktree-en-refinanciamiento_BLOG-ESP-ENG-scaled.jpg 2560w, https:\/\/blplegal.com\/wp-content\/uploads\/2026\/06\/Deal-Oaktree-en-refinanciamiento_BLOG-ESP-ENG-300x102.jpg 300w, https:\/\/blplegal.com\/wp-content\/uploads\/2026\/06\/Deal-Oaktree-en-refinanciamiento_BLOG-ESP-ENG-1024x349.jpg 1024w, https:\/\/blplegal.com\/wp-content\/uploads\/2026\/06\/Deal-Oaktree-en-refinanciamiento_BLOG-ESP-ENG-768x262.jpg 768w, https:\/\/blplegal.com\/wp-content\/uploads\/2026\/06\/Deal-Oaktree-en-refinanciamiento_BLOG-ESP-ENG-1536x524.jpg 1536w, https:\/\/blplegal.com\/wp-content\/uploads\/2026\/06\/Deal-Oaktree-en-refinanciamiento_BLOG-ESP-ENG-2048x699.jpg 2048w\" sizes=\"auto, (max-width: 2560px) 100vw, 2560px\" \/>\t\t\t\t\t\t\t<\/a>\n  \t\t\t\t\t\t\t<div class=\"overlay\" style=\"background-color: rgba(0,0,0,.25)\"><\/div>  \t\t\t\t\t\t\t  \t\t\t\t\t\t<\/div>\n  \t\t\t\t\t\t  \t\t\t\t\t<\/div>\n          \t\t\t\t\t<div class=\"box-text text-center\" >\n\t\t\t\t\t<div class=\"box-text-inner blog-post-inner\">\n\n\t\t\t\t\t\n\t\t\t\t\t\t\t\t\t\t<h5 class=\"post-title is-xlarge \">\n\t\t\t\t\t\t<a href=\"https:\/\/blplegal.com\/es\/blp-asesora-a-oaktree-en-refinanciamiento-garantizado-de-hasta-us300-millones-para-establishment-labs\/\" class=\"plain\">BLP asesora a Oaktree en refinanciamiento garantizado de hasta US$300 millones para Establishment Labs<\/a>\n\t\t\t\t\t<\/h5>\n\t\t\t\t\t\t\t\t\t\t<div class=\"is-divider\"><\/div>\n\t\t\t\t\t                    \n\t\t\t\t\t\n\t\t\t\t\t\n\t\t\t\t\t<\/div>\n\t\t\t\t\t<\/div>\n\t\t\t\t\t\t\t\t\t\t\t\t\t\t\t\t<div class=\"badge absolute top post-date badge-square\">\n\t\t\t\t\t\t\t<div class=\"badge-inner\">\n\t\t\t\t\t\t\t\t<span class=\"post-date-day\">04<\/span><br>\n\t\t\t\t\t\t\t\t<span class=\"post-date-month is-xsmall\">Jun<\/span>\n\t\t\t\t\t\t\t<\/div>\n\t\t\t\t\t\t<\/div>\n\t\t\t\t\t\t\t\t\t<\/div>\n\t\t\t<\/div>\n\t\t<\/div><div class=\"col post-item\" data-animate=\"fadeInUp\">\n\t\t\t<div class=\"col-inner\">\n\t\t\t\t<div class=\"box box-overlay dark box-text-bottom box-blog-post has-hover\">\n            \t\t\t\t\t<div class=\"box-image\" >\n  \t\t\t\t\t\t<div class=\"image-cover\" style=\"padding-top:100%;\">\n\t\t\t\t\t\t\t<a href=\"https:\/\/blplegal.com\/es\/blp-asesora-a-bid-invest-en-una-emision-pionera-de-bonos-azules-en-el-salvador\/\" class=\"plain\" aria-label=\"BLP asesora a BID Invest en una emisi\u00f3n pionera de bonos azules en El Salvador\">\n\t\t\t\t\t\t\t\t<img loading=\"lazy\" decoding=\"async\" width=\"1800\" height=\"940\" src=\"https:\/\/blplegal.com\/wp-content\/uploads\/2026\/06\/Deal-Nelipak-Merrills-PackagingCR_BLOG-ESP-ENG.jpg\" class=\"attachment-original size-original wp-post-image\" alt=\"\" srcset=\"https:\/\/blplegal.com\/wp-content\/uploads\/2026\/06\/Deal-Nelipak-Merrills-PackagingCR_BLOG-ESP-ENG.jpg 1800w, https:\/\/blplegal.com\/wp-content\/uploads\/2026\/06\/Deal-Nelipak-Merrills-PackagingCR_BLOG-ESP-ENG-300x157.jpg 300w, https:\/\/blplegal.com\/wp-content\/uploads\/2026\/06\/Deal-Nelipak-Merrills-PackagingCR_BLOG-ESP-ENG-1024x535.jpg 1024w, https:\/\/blplegal.com\/wp-content\/uploads\/2026\/06\/Deal-Nelipak-Merrills-PackagingCR_BLOG-ESP-ENG-768x401.jpg 768w, https:\/\/blplegal.com\/wp-content\/uploads\/2026\/06\/Deal-Nelipak-Merrills-PackagingCR_BLOG-ESP-ENG-1536x802.jpg 1536w\" sizes=\"auto, (max-width: 1800px) 100vw, 1800px\" \/>\t\t\t\t\t\t\t<\/a>\n  \t\t\t\t\t\t\t<div class=\"overlay\" style=\"background-color: rgba(0,0,0,.25)\"><\/div>  \t\t\t\t\t\t\t  \t\t\t\t\t\t<\/div>\n  \t\t\t\t\t\t  \t\t\t\t\t<\/div>\n          \t\t\t\t\t<div class=\"box-text text-center\" >\n\t\t\t\t\t<div class=\"box-text-inner blog-post-inner\">\n\n\t\t\t\t\t\n\t\t\t\t\t\t\t\t\t\t<h5 class=\"post-title is-xlarge \">\n\t\t\t\t\t\t<a href=\"https:\/\/blplegal.com\/es\/blp-asesora-a-bid-invest-en-una-emision-pionera-de-bonos-azules-en-el-salvador\/\" class=\"plain\">BLP asesora a BID Invest en una emisi\u00f3n pionera de bonos azules en El Salvador<\/a>\n\t\t\t\t\t<\/h5>\n\t\t\t\t\t\t\t\t\t\t<div class=\"is-divider\"><\/div>\n\t\t\t\t\t                    \n\t\t\t\t\t\n\t\t\t\t\t\n\t\t\t\t\t<\/div>\n\t\t\t\t\t<\/div>\n\t\t\t\t\t\t\t\t\t\t\t\t\t\t\t\t<div class=\"badge absolute top post-date badge-square\">\n\t\t\t\t\t\t\t<div class=\"badge-inner\">\n\t\t\t\t\t\t\t\t<span class=\"post-date-day\">02<\/span><br>\n\t\t\t\t\t\t\t\t<span class=\"post-date-month is-xsmall\">Jun<\/span>\n\t\t\t\t\t\t\t<\/div>\n\t\t\t\t\t\t<\/div>\n\t\t\t\t\t\t\t\t\t<\/div>\n\t\t\t<\/div>\n\t\t<\/div><div class=\"col post-item\" data-animate=\"fadeInUp\">\n\t\t\t<div class=\"col-inner\">\n\t\t\t\t<div class=\"box box-overlay dark box-text-bottom box-blog-post has-hover\">\n            \t\t\t\t\t<div class=\"box-image\" >\n  \t\t\t\t\t\t<div class=\"image-cover\" style=\"padding-top:100%;\">\n\t\t\t\t\t\t\t<a href=\"https:\/\/blplegal.com\/es\/blp-asesora-a-ifc-en-financiamiento-sostenible-por-us200-millones-para-bac-guatemala\/\" class=\"plain\" aria-label=\"BLP asesora a IFC en financiamiento sostenible por US$200 millones para BAC Guatemala\">\n\t\t\t\t\t\t\t\t<img loading=\"lazy\" decoding=\"async\" width=\"1920\" height=\"655\" src=\"https:\/\/blplegal.com\/wp-content\/uploads\/2026\/05\/BlogGT-100.jpg\" class=\"attachment-original size-original wp-post-image\" alt=\"\" srcset=\"https:\/\/blplegal.com\/wp-content\/uploads\/2026\/05\/BlogGT-100.jpg 1920w, https:\/\/blplegal.com\/wp-content\/uploads\/2026\/05\/BlogGT-100-300x102.jpg 300w, https:\/\/blplegal.com\/wp-content\/uploads\/2026\/05\/BlogGT-100-1024x349.jpg 1024w, https:\/\/blplegal.com\/wp-content\/uploads\/2026\/05\/BlogGT-100-768x262.jpg 768w, https:\/\/blplegal.com\/wp-content\/uploads\/2026\/05\/BlogGT-100-1536x524.jpg 1536w\" sizes=\"auto, (max-width: 1920px) 100vw, 1920px\" \/>\t\t\t\t\t\t\t<\/a>\n  \t\t\t\t\t\t\t<div class=\"overlay\" style=\"background-color: rgba(0,0,0,.25)\"><\/div>  \t\t\t\t\t\t\t  \t\t\t\t\t\t<\/div>\n  \t\t\t\t\t\t  \t\t\t\t\t<\/div>\n          \t\t\t\t\t<div class=\"box-text text-center\" >\n\t\t\t\t\t<div class=\"box-text-inner blog-post-inner\">\n\n\t\t\t\t\t\n\t\t\t\t\t\t\t\t\t\t<h5 class=\"post-title is-xlarge \">\n\t\t\t\t\t\t<a href=\"https:\/\/blplegal.com\/es\/blp-asesora-a-ifc-en-financiamiento-sostenible-por-us200-millones-para-bac-guatemala\/\" class=\"plain\">BLP asesora a IFC en financiamiento sostenible por US$200 millones para BAC Guatemala<\/a>\n\t\t\t\t\t<\/h5>\n\t\t\t\t\t\t\t\t\t\t<div class=\"is-divider\"><\/div>\n\t\t\t\t\t                    \n\t\t\t\t\t\n\t\t\t\t\t\n\t\t\t\t\t<\/div>\n\t\t\t\t\t<\/div>\n\t\t\t\t\t\t\t\t\t\t\t\t\t\t\t\t<div class=\"badge absolute top post-date badge-square\">\n\t\t\t\t\t\t\t<div class=\"badge-inner\">\n\t\t\t\t\t\t\t\t<span class=\"post-date-day\">25<\/span><br>\n\t\t\t\t\t\t\t\t<span class=\"post-date-month is-xsmall\">May<\/span>\n\t\t\t\t\t\t\t<\/div>\n\t\t\t\t\t\t<\/div>\n\t\t\t\t\t\t\t\t\t<\/div>\n\t\t\t<\/div>\n\t\t<\/div><\/div>\n\n\n<\/div><\/div><\/div>\n\n\t\t<\/div>\n\t\t\t\t\t<\/div>\n\n\t\n\n<\/div>\n\n\t\t<\/div>\n\n\t\t\n<style>\n#section_293260211 {\n  padding-top: 60px;\n  padding-bottom: 60px;\n}\n<\/style>\n\t<\/section>\n\t\n\n\t<section class=\"section has-parallax\" id=\"section_1274645184\">\n\t\t<div class=\"section-bg fill\" data-parallax-container=\".section\" data-parallax-background data-parallax=\"-3\">\n\t\t\t<img loading=\"lazy\" decoding=\"async\" width=\"1920\" height=\"1079\" src=\"https:\/\/blplegal.com\/wp-content\/uploads\/2026\/02\/Mundo.jpg\" class=\"bg attachment-original size-original\" alt=\"\" \/>\t\t\t\t\t\t<div class=\"section-bg-overlay absolute fill\"><\/div>\n\t\t\t\n\n\t\t<\/div>\n\n\t\t\n\n\t\t<div class=\"section-content relative\">\n\t\t\t\n\n<div class=\"row align-middle align-center\"  id=\"row-1794880149\">\n\n\n\t<div id=\"col-569161268\" class=\"col medium-9 small-12 large-9\"  data-animate=\"fadeInUp\">\n\t\t\t\t<div class=\"col-inner text-center\"  >\n\t\t\t\n\t\t\t\n\n\t<div id=\"text-1581724620\" class=\"text\">\n\t\t\n\n<p>SUBSCRIBE TO OUR NEWSLETTER<\/p>\n\t\t\n<style>\n#text-1581724620 {\n  font-size: 1.5rem;\n  text-align: center;\n  color: rgb(255,255,255);\n}\n#text-1581724620 > * {\n  color: rgb(255,255,255);\n}\n<\/style>\n\t<\/div>\n\t\n\t<div id=\"text-1271725891\" class=\"text\">\n\t\t\n\n<h3>Receive the most up-to-date information you need to do business in Central America.<\/h3>\n\t\t\n<style>\n#text-1271725891 {\n  font-size: 1.5rem;\n  text-align: center;\n  color: rgb(255,255,255);\n}\n#text-1271725891 > * {\n  color: rgb(255,255,255);\n}\n<\/style>\n\t<\/div>\n\t\n<a href=\"#newsletterEN\" class=\"button secondary\" style=\"border-radius:10px;\">\n\t\t<span>SUBSCRIBE<\/span>\n\t<\/a>\n\n\n\n\n\t<div id=\"newsletterEN\"\n\t     class=\"lightbox-by-id lightbox-content mfp-hide lightbox-white \"\n\t     style=\"max-width:600px ;padding:20px\">\n\t\t\n<h2 class='titulo-modal'>Subscribe to our newsletter<\/h2>\n            <script data-b24-form='inline\/10\/o6zesm' data-skip-moving='true'>\n              (function(w,d,u){\n              var s=d.createElement('script');s.async=true;s.src=u+'?'+(Date.now()\/180000|0);\n              var h=d.getElementsByTagName('script')[0];h.parentNode.insertBefore(s,h);\n              })(window,document,'https:\/\/cdn.bitrix24.es\/b17474235\/crm\/form\/loader_10.js');\n            <\/script>\n\t<\/div>\n\t\n\t\n\n\n\t\t<\/div>\n\t\t\t\t\n<style>\n#col-569161268 > .col-inner {\n  padding: 0px 0px 0px 0px;\n}\n<\/style>\n\t<\/div>\n\n\t\n\n<\/div>\n\n\t\t<\/div>\n\n\t\t\n<style>\n#section_1274645184 {\n  padding-top: 60px;\n  padding-bottom: 60px;\n}\n#section_1274645184 .section-bg-overlay {\n  background-color: rgba(0, 0, 0, 0.75);\n}\n<\/style>\n\t<\/section>\n\t\n\n","protected":false},"excerpt":{"rendered":"","protected":false},"author":1,"featured_media":0,"parent":0,"menu_order":0,"comment_status":"closed","ping_status":"closed","template":"","meta":{"_acf_changed":false,"footnotes":""},"class_list":["post-21392","page","type-page","status-publish","hentry"],"acf":[],"yoast_head":"<!-- This site is optimized with the Yoast SEO plugin v28.4 - https:\/\/yoast.com\/product\/yoast-seo-wordpress\/ -->\n<title>Blog - BLP Legal<\/title>\n<meta name=\"robots\" content=\"index, follow, max-snippet:-1, max-image-preview:large, max-video-preview:-1\" \/>\n<link rel=\"canonical\" href=\"https:\/\/blplegal.com\/es\/blog\/\" \/>\n<meta property=\"og:locale\" content=\"es_ES\" \/>\n<meta property=\"og:type\" content=\"article\" \/>\n<meta property=\"og:title\" content=\"Blog - BLP Legal\" \/>\n<meta property=\"og:url\" content=\"https:\/\/blplegal.com\/es\/blog\/\" \/>\n<meta property=\"og:site_name\" content=\"BLP Legal\" \/>\n<meta property=\"article:publisher\" content=\"https:\/\/www.facebook.com\/blplaw\" \/>\n<meta property=\"article:modified_time\" content=\"2026-06-10T23:42:32+00:00\" \/>\n<meta name=\"twitter:card\" content=\"summary_large_image\" \/>\n<meta name=\"twitter:site\" content=\"@blplegal\" \/>\n<meta name=\"twitter:label1\" content=\"Tiempo de lectura\" \/>\n\t<meta name=\"twitter:data1\" content=\"1 minuto\" \/>\n<script type=\"application\/ld+json\" class=\"yoast-schema-graph\">{\"@context\":\"https:\\\/\\\/schema.org\",\"@graph\":[{\"@type\":\"WebPage\",\"@id\":\"https:\\\/\\\/blplegal.com\\\/es\\\/blog\\\/\",\"url\":\"https:\\\/\\\/blplegal.com\\\/es\\\/blog\\\/\",\"name\":\"Blog - BLP Legal\",\"isPartOf\":{\"@id\":\"https:\\\/\\\/blplegal.com\\\/es\\\/#website\"},\"datePublished\":\"2026-02-12T00:44:03+00:00\",\"dateModified\":\"2026-06-10T23:42:32+00:00\",\"breadcrumb\":{\"@id\":\"https:\\\/\\\/blplegal.com\\\/es\\\/blog\\\/#breadcrumb\"},\"inLanguage\":\"es\",\"potentialAction\":[{\"@type\":\"ReadAction\",\"target\":[\"https:\\\/\\\/blplegal.com\\\/es\\\/blog\\\/\"]}]},{\"@type\":\"BreadcrumbList\",\"@id\":\"https:\\\/\\\/blplegal.com\\\/es\\\/blog\\\/#breadcrumb\",\"itemListElement\":[{\"@type\":\"ListItem\",\"position\":1,\"name\":\"Home\",\"item\":\"https:\\\/\\\/blplegal.com\\\/es\\\/\"},{\"@type\":\"ListItem\",\"position\":2,\"name\":\"Blog\"}]},{\"@type\":\"WebSite\",\"@id\":\"https:\\\/\\\/blplegal.com\\\/es\\\/#website\",\"url\":\"https:\\\/\\\/blplegal.com\\\/es\\\/\",\"name\":\"BLP Legal\",\"description\":\"\",\"publisher\":{\"@id\":\"https:\\\/\\\/blplegal.com\\\/es\\\/#organization\"},\"potentialAction\":[{\"@type\":\"SearchAction\",\"target\":{\"@type\":\"EntryPoint\",\"urlTemplate\":\"https:\\\/\\\/blplegal.com\\\/es\\\/?s={search_term_string}\"},\"query-input\":{\"@type\":\"PropertyValueSpecification\",\"valueRequired\":true,\"valueName\":\"search_term_string\"}}],\"inLanguage\":\"es\"},{\"@type\":\"Organization\",\"@id\":\"https:\\\/\\\/blplegal.com\\\/es\\\/#organization\",\"name\":\"BLP Legal\",\"url\":\"https:\\\/\\\/blplegal.com\\\/es\\\/\",\"logo\":{\"@type\":\"ImageObject\",\"inLanguage\":\"es\",\"@id\":\"https:\\\/\\\/blplegal.com\\\/es\\\/#\\\/schema\\\/logo\\\/image\\\/\",\"url\":\"https:\\\/\\\/blplegal.com\\\/wp-content\\\/uploads\\\/2026\\\/02\\\/logo-horizontal-800x121-1.png\",\"contentUrl\":\"https:\\\/\\\/blplegal.com\\\/wp-content\\\/uploads\\\/2026\\\/02\\\/logo-horizontal-800x121-1.png\",\"width\":800,\"height\":121,\"caption\":\"BLP Legal\"},\"image\":{\"@id\":\"https:\\\/\\\/blplegal.com\\\/es\\\/#\\\/schema\\\/logo\\\/image\\\/\"},\"sameAs\":[\"https:\\\/\\\/www.facebook.com\\\/blplaw\",\"https:\\\/\\\/x.com\\\/blplegal\"]}]}<\/script>\n<!-- \/ Yoast SEO plugin. -->","yoast_head_json":{"title":"Blog - BLP Legal","robots":{"index":"index","follow":"follow","max-snippet":"max-snippet:-1","max-image-preview":"max-image-preview:large","max-video-preview":"max-video-preview:-1"},"canonical":"https:\/\/blplegal.com\/es\/blog\/","og_locale":"es_ES","og_type":"article","og_title":"Blog - BLP Legal","og_url":"https:\/\/blplegal.com\/es\/blog\/","og_site_name":"BLP Legal","article_publisher":"https:\/\/www.facebook.com\/blplaw","article_modified_time":"2026-06-10T23:42:32+00:00","twitter_card":"summary_large_image","twitter_site":"@blplegal","twitter_misc":{"Tiempo de lectura":"1 minuto"},"schema":{"@context":"https:\/\/schema.org","@graph":[{"@type":"WebPage","@id":"https:\/\/blplegal.com\/es\/blog\/","url":"https:\/\/blplegal.com\/es\/blog\/","name":"Blog - BLP Legal","isPartOf":{"@id":"https:\/\/blplegal.com\/es\/#website"},"datePublished":"2026-02-12T00:44:03+00:00","dateModified":"2026-06-10T23:42:32+00:00","breadcrumb":{"@id":"https:\/\/blplegal.com\/es\/blog\/#breadcrumb"},"inLanguage":"es","potentialAction":[{"@type":"ReadAction","target":["https:\/\/blplegal.com\/es\/blog\/"]}]},{"@type":"BreadcrumbList","@id":"https:\/\/blplegal.com\/es\/blog\/#breadcrumb","itemListElement":[{"@type":"ListItem","position":1,"name":"Home","item":"https:\/\/blplegal.com\/es\/"},{"@type":"ListItem","position":2,"name":"Blog"}]},{"@type":"WebSite","@id":"https:\/\/blplegal.com\/es\/#website","url":"https:\/\/blplegal.com\/es\/","name":"BLP Legal","description":"","publisher":{"@id":"https:\/\/blplegal.com\/es\/#organization"},"potentialAction":[{"@type":"SearchAction","target":{"@type":"EntryPoint","urlTemplate":"https:\/\/blplegal.com\/es\/?s={search_term_string}"},"query-input":{"@type":"PropertyValueSpecification","valueRequired":true,"valueName":"search_term_string"}}],"inLanguage":"es"},{"@type":"Organization","@id":"https:\/\/blplegal.com\/es\/#organization","name":"BLP Legal","url":"https:\/\/blplegal.com\/es\/","logo":{"@type":"ImageObject","inLanguage":"es","@id":"https:\/\/blplegal.com\/es\/#\/schema\/logo\/image\/","url":"https:\/\/blplegal.com\/wp-content\/uploads\/2026\/02\/logo-horizontal-800x121-1.png","contentUrl":"https:\/\/blplegal.com\/wp-content\/uploads\/2026\/02\/logo-horizontal-800x121-1.png","width":800,"height":121,"caption":"BLP Legal"},"image":{"@id":"https:\/\/blplegal.com\/es\/#\/schema\/logo\/image\/"},"sameAs":["https:\/\/www.facebook.com\/blplaw","https:\/\/x.com\/blplegal"]}]}},"_links":{"self":[{"href":"https:\/\/blplegal.com\/es\/wp-json\/wp\/v2\/pages\/21392","targetHints":{"allow":["GET"]}}],"collection":[{"href":"https:\/\/blplegal.com\/es\/wp-json\/wp\/v2\/pages"}],"about":[{"href":"https:\/\/blplegal.com\/es\/wp-json\/wp\/v2\/types\/page"}],"author":[{"embeddable":true,"href":"https:\/\/blplegal.com\/es\/wp-json\/wp\/v2\/users\/1"}],"replies":[{"embeddable":true,"href":"https:\/\/blplegal.com\/es\/wp-json\/wp\/v2\/comments?post=21392"}],"version-history":[{"count":0,"href":"https:\/\/blplegal.com\/es\/wp-json\/wp\/v2\/pages\/21392\/revisions"}],"wp:attachment":[{"href":"https:\/\/blplegal.com\/es\/wp-json\/wp\/v2\/media?parent=21392"}],"curies":[{"name":"wp","href":"https:\/\/api.w.org\/{rel}","templated":true}]}}